{"id":737,"date":"2020-10-22T19:01:42","date_gmt":"2020-10-22T19:01:42","guid":{"rendered":"http:\/\/www.argamannen.se\/?page_id=737"},"modified":"2020-10-22T19:09:15","modified_gmt":"2020-10-22T19:09:15","slug":"akromegali","status":"publish","type":"page","link":"https:\/\/www.argamannen.se\/?page_id=737","title":{"rendered":"Akromegali"},"content":{"rendered":"\n<p><strong>AKROMEGALITUM\u00d6R (GIGANTISM) \/ TUM\u00d6R I HYPOFYSEN<\/strong><\/p>\n\n\n\n<figure class=\"wp-block-image\"><img decoding=\"async\" src=\"http:\/\/www.gjutarenafve.com\/wp-content\/uploads\/2013\/02\/1-170x127.jpg\" alt=\"1\" class=\"wp-image-1007\"\/><\/figure>\n\n\n\n<p>(2011, 47 \u00e5r gammal &#8211; H\u00e5riga Mannen i Waterw\u00f6rld f\u00f6r TV6)<\/p>\n\n\n\n<p>1993 fick jag f\u00f6r f\u00f6rsta g\u00e5ngen problem med att skorna inte passade, efter att ha satt undan skorna under en m\u00e5nads milit\u00e4r fortbildning. Min klackring som jag haft i m\u00e5nga \u00e5r satt ordentligt fast och jag fick n\u00e4stan inte loss den ur sin grepp om fingret. Jag trodde att det var v\u00e4rmen som st\u00e4llde till lite bekymmer.<\/p>\n\n\n\n<figure class=\"wp-block-image\"><img decoding=\"async\" src=\"http:\/\/www.gjutarenafve.com\/wp-content\/uploads\/2013\/02\/2-170x142.jpg\" alt=\"2\" class=\"wp-image-1008\"\/><\/figure>\n\n\n\n<p>(bild fr\u00e5n 1993, d\u00e5 jag \u00e4r 29 \u00e5r gammal)<\/p>\n\n\n\n<p>1994 fick jag f\u00f6r f\u00f6rsta g\u00e5ngen rej\u00e4lt d\u00e5lig s\u00f6mn om n\u00e4tterna och hade en vilopuls p\u00e5 ca 100. Dessutom b\u00f6rjade jag bli enormt h\u00e5rig p\u00e5 alla kroppsdelar utom p\u00e5 huvudet (som avtunnades p\u00e5 h\u00e5r). Mitt hum\u00f6r blev tidvis aggressivt och konfronterande. Tungan blev ibland tjockare och jag fick ett f\u00e5tal g\u00e5nger ett sluddrande tal, som jag inte fick kontroll p\u00e5! Samtidigt b\u00f6rjade en kn\u00f6l i bakhuvudet v\u00e4xa sig st\u00f6rre och den f\u00f6rstod jag var det n\u00e5got fel p\u00e5. Efter moget \u00f6verv\u00e4gande gick jag iv\u00e4g till v\u00e5rdcentralen &#8221;M\u00e5sen&#8221; i Lund, d\u00e4r det togs blodprov p\u00e5 allt utom &#8221;akromegali&#8221;. D\u00e5 trodde jag att jag att jag hade f\u00e5tt n\u00e5gon form av cancer. V\u00e5rdcentralen p\u00e5stod d\u00e5 att jag inte var sjuk och de inte hittat n\u00e5got. Givetvis k\u00e4nde jag mig l\u00e4ttad, men jag k\u00e4nde att det var n\u00e5got i kroppen som inte var som det skulle.<\/p>\n\n\n\n<p>\u00c5ren g\u00e5r och jag k\u00e4nner att jag blir s\u00e4mre i hela kroppen, men f\u00f6rsvarar mig hela tiden med att jag blir \u00e4ldre och att det nog skall vara s\u00e5 h\u00e4r. Mindre h\u00e5r p\u00e5 huvudet, aggressivare beteende och hyperaktivitet tidvis borde vara varningssignaler, men jag f\u00f6rsvarade mig med att jag blev \u00e4ldre. Hur historien fortskrider l\u00e5ter jag l\u00e4gga sist p\u00e5 denna sida, f\u00f6rst lite bilder fr\u00e5n yngre \u00e5r och lite text.<\/p>\n\n\n\n<p>TIDEN MELLAN 1978 &#8211; 2000.<\/p>\n\n\n\n<figure class=\"wp-block-image\"><img decoding=\"async\" src=\"http:\/\/www.gjutarenafve.com\/wp-content\/uploads\/2013\/02\/3-135x170.jpg\" alt=\"3\" class=\"wp-image-1009\"\/><\/figure>\n\n\n\n<p>Bilden ovan. 1978 var jag 14 \u00e5r och s\u00e5g v\u00e4l ut som vilken ungdom som helst. H\u00e5r p\u00e5 huvudet! Normala h\u00e4nder, f\u00f6tter, tunga, \u00f6ron, n\u00e4sa och haka!<\/p>\n\n\n\n<figure class=\"wp-block-image\"><img decoding=\"async\" src=\"http:\/\/www.gjutarenafve.com\/wp-content\/uploads\/2013\/02\/4-170x122.jpg\" alt=\"4\" class=\"wp-image-1010\"\/><\/figure>\n\n\n\n<p>Bilden ovan \u00e4r fr\u00e5n 1980. Inga synliga skillnader mot 1978.<\/p>\n\n\n\n<figure class=\"wp-block-image\"><img decoding=\"async\" src=\"http:\/\/www.gjutarenafve.com\/wp-content\/uploads\/2013\/02\/5-126x170.jpg\" alt=\"5\" class=\"wp-image-1011\"\/><\/figure>\n\n\n\n<p>Bilden ovan, 1981, f\u00f6rsta \u00e5rskursen i gymnasiet p\u00e5 Nicolaiskolan i Helsingborg. H\u00e5r p\u00e5 huvudet och snedbena. H\u00e4nderna tror jag \u00e4r helt normala, men verkar stora p\u00e5 fotot.<\/p>\n\n\n\n<figure class=\"wp-block-image\"><img decoding=\"async\" src=\"http:\/\/www.gjutarenafve.com\/wp-content\/uploads\/2013\/02\/6-79x170.jpg\" alt=\"6\" class=\"wp-image-1012\"\/><\/figure>\n\n\n\n<p>Bilden ovan fr\u00e5n 1987. Normalt byggd och inget som \u00e4r anm\u00e4rkningsv\u00e4rt rent utseendem\u00e4ssigt. H\u00e5r p\u00e5 huvudet och ingen stor tunga som sluddrar.<\/p>\n\n\n\n<figure class=\"wp-block-image\"><img decoding=\"async\" src=\"http:\/\/www.gjutarenafve.com\/wp-content\/uploads\/2013\/02\/7-109x170.jpg\" alt=\"7\" class=\"wp-image-1013\"\/><\/figure>\n\n\n\n<p>1988, bilden ovan, med kraftfullt h\u00e5r och bena. Det v\u00e4xte bra med h\u00e5r p\u00e5 huvudet under denna tid.<\/p>\n\n\n\n<figure class=\"wp-block-image\"><img decoding=\"async\" src=\"http:\/\/www.gjutarenafve.com\/wp-content\/uploads\/2013\/02\/8-148x170.jpg\" alt=\"8\" class=\"wp-image-1014\"\/><\/figure>\n\n\n\n<p>1989, bilden ovan, under en semester p\u00e5 Kanarie\u00f6arna. Rej\u00e4lt med h\u00e5r p\u00e5 huvudet, Nytatuerad p\u00e5 ena armen och en del h\u00e5r p\u00e5 armarna.<\/p>\n\n\n\n<figure class=\"wp-block-image\"><img decoding=\"async\" src=\"http:\/\/www.gjutarenafve.com\/wp-content\/uploads\/2013\/02\/9-170x140.jpg\" alt=\"9\" class=\"wp-image-1015\"\/><\/figure>\n\n\n\n<p>1990, bilden ovan. I Prag under en semesterresa utanf\u00f6r Frans Kafkas f.d. bostad. H\u00e5ret b\u00f6rjar tunnas ut lite p\u00e5 hj\u00e4ssan, men det kanske skall vara s\u00e5 vid 26 \u00e5rs \u00e5lder.<\/p>\n\n\n\n<figure class=\"wp-block-image\"><img decoding=\"async\" src=\"http:\/\/www.gjutarenafve.com\/wp-content\/uploads\/2013\/02\/10-161x170.jpg\" alt=\"10\" class=\"wp-image-1016\"\/><\/figure>\n\n\n\n<p>1993 \u00e4r bilden ovan tagen, tillsammans med familjen under julen. H\u00e4r tycker jag sj\u00e4lv att f\u00f6r\u00e4ndrad haka, n\u00e4sa och avtunnat h\u00e5r p\u00e5 huvudet ger sig till k\u00e4nna. Kommer ih\u00e5g att jag hade h\u00f6g vilopuls men trodde det var normalt. B\u00f6rjade sova s\u00e4mre och s\u00e4mre och kunde vakna mitt i natten av att kudden var genombl\u00f6t och jag hade ingen aning om varf\u00f6r.<\/p>\n\n\n\n<figure class=\"wp-block-image\"><img decoding=\"async\" src=\"http:\/\/www.gjutarenafve.com\/wp-content\/uploads\/2013\/02\/11-67x170.jpg\" alt=\"11\" class=\"wp-image-1017\"\/><\/figure>\n\n\n\n<p>1996, bilden ovan. H\u00e4r tr\u00e4ffar jag min mormor i Malm\u00f6 och jag kommer ih\u00e5g att jag n\u00e4stan alltid var p\u00e5 &#8221;g\u00e5ng&#8221;. Det rusade lite i kroppen. H\u00e4r har jag n\u00e4stan inget h\u00e5r p\u00e5 framhj\u00e4ssan. H\u00e5ret tunnades ut p\u00e5 huvudet och jag trodde att det var som det skulle. H\u00e4r \u00e4r jag 32 \u00e5r gammal. Nu i&nbsp;&nbsp;efterhand undrar man varf\u00f6r man inte f\u00f6rstod att n\u00e5got var fel, d\u00e5 jag n\u00e5gra \u00e5r tidigare hade storlek 41 i skor och nu hade f\u00e5tt st\u00f6rre storlek. &nbsp;Klackringen p\u00e5 ena fingret fick jag ta av f\u00f6r den passade inte l\u00e4ngre. Fingrarna hade blivit lite tjockare. Nu b\u00f6rjade jag \u00e4ven sluddra lite mer vid ol\u00e4mpliga tillf\u00e4llen, men bara ibland. Fick lite problem med ryggen och kn\u00e4na n\u00e4r jag spelade tennis, det var en annorlunda tr\u00e4ningsv\u00e4rk m\u00e5 jag s\u00e4ga. Fick lite st\u00f6rre storlek i T-shirts.<\/p>\n\n\n\n<figure class=\"wp-block-image\"><img decoding=\"async\" src=\"http:\/\/www.gjutarenafve.com\/wp-content\/uploads\/2013\/02\/12-69x170.jpg\" alt=\"12\" class=\"wp-image-1018\"\/><\/figure>\n\n\n\n<p>1996, bilden ovan, var mitt h\u00e4rliga \u00e5r med t\u00e5gluffning i \u00f6st och mycket mer h\u00e5r p\u00e5 kroppen, dock mindre p\u00e5 huvudet.<\/p>\n\n\n\n<figure class=\"wp-block-image\"><img decoding=\"async\" src=\"http:\/\/www.gjutarenafve.com\/wp-content\/uploads\/2013\/02\/13-168x170.jpg\" alt=\"13\" class=\"wp-image-1019\"\/><\/figure>\n\n\n\n<p>1997, bilden ovan. H\u00e4r f\u00e5r jag inte sova om n\u00e4tterna, mer \u00e4n periodiskt. Hade en studentl\u00e4genhet i Lund och tycket alltid att jag svettades i l\u00e4genheten f\u00f6r att det alltid var varmt, fast ingen annan tyckte det. &nbsp;H\u00e4r kan man se att \u00f6ron, framskjuten haka och n\u00e4sa f\u00f6r\u00e4ndrats. Mindre h\u00e5r p\u00e5 hj\u00e4ssan. Alltid p\u00e5 g\u00e5ng och k\u00e4nde lite rusningar i kroppen utan att veta varf\u00f6r. Svettades alltid, oavsett om jag sov eller var vaken. Konstigt tillst\u00e5nd. Tungan kunde ibland bli tjockare och jag kommer ih\u00e5g att sludder f\u00f6rekom, dock att jag b\u00f6rjade f\u00f6rst\u00e5 att jag m\u00e5ste kontrollera detta och vara uppm\u00e4rksam p\u00e5 att inte prata n\u00e4r jag fick rusningar i kroppen. Men prata kunde jag och var alltid p\u00e5 g\u00e5ng!<\/p>\n\n\n\n<figure class=\"wp-block-image\"><img decoding=\"async\" src=\"http:\/\/www.gjutarenafve.com\/wp-content\/uploads\/2013\/02\/14-167x170.jpg\" alt=\"14\" class=\"wp-image-1020\"\/><\/figure>\n\n\n\n<p>1997, bilden ovan, togs f\u00f6r pass. Nu hade jag f\u00f6r f\u00f6rsta g\u00e5ngen rakat av mig h\u00e5ret d\u00e5 det v\u00e4xte d\u00e5ligt p\u00e5 vissa st\u00e4llen.<\/p>\n\n\n\n<figure class=\"wp-block-image\"><img decoding=\"async\" src=\"http:\/\/www.gjutarenafve.com\/wp-content\/uploads\/2013\/02\/15-98x170.jpg\" alt=\"15\" class=\"wp-image-1021\"\/><\/figure>\n\n\n\n<p>1999, bilden ovan. Nu ser man stora fysiska f\u00f6r\u00e4ndringar i ansiktet j\u00e4mf\u00f6rt med \u00e5ren tidigare. Klackringen hade l\u00e4mnats in f\u00f6r f\u00f6rstoring igen och ny skostorlek. B\u00f6rjade f\u00e5 problem med kn\u00e4na vid 39 \u00e5rs \u00e5lder. Sov riktigt d\u00e5ligt och k\u00e4nde mig aldrig utvilad. Tr\u00e4nade p\u00e5 gymmet 6 dagar i veckan samt sprang n\u00e5gra mil varje vecka genom fotbollsd\u00f6mande i Malm\u00f6. Eftersom kroppen hela tiden var p\u00e5 g\u00e5ng och jag blev st\u00f6rre, t\u00e4nkte jag att det berodde p\u00e5 styrketr\u00e4ningen. Provade f\u00f6r f\u00f6rsta g\u00e5ngen koncentrerat protein (Kreatin), f\u00f6r att &nbsp;v\u00e4xa ytterligare p\u00e5 gymmet. Mitt efternamn var Lundin p\u00e5 den tiden och n\u00e4r jag nu \u00f6kade i omf\u00e5ng fick jag ett smeknamn &#8221;Gjutaren\u00e4fven&#8221;. Lyfte mer och mer vikter i olika maskiner p\u00e5 Nautilusgymmet, B\u00f6rjade nu en hel del med frivikter och ville bara bli st\u00f6rre. N\u00e4r det g\u00e4ller benpress var jag nog r\u00e4tt stark, satte mer \u00e4n 200 kg p\u00e5 en Nautilusmaskin!<\/p>\n\n\n\n<figure class=\"wp-block-image\"><img decoding=\"async\" src=\"http:\/\/www.gjutarenafve.com\/wp-content\/uploads\/2013\/02\/16-91x170.jpg\" alt=\"16\" class=\"wp-image-1022\"\/><\/figure>\n\n\n\n<p>\u00c5r 2000, bilden ovan. H\u00e4r m\u00e4rker man en mer utskjuten haka och h\u00e5r som inte v\u00e4xer mitt p\u00e5 skallen. B\u00f6rjade f\u00e5 st\u00f6rre storlek i jacka och byxor (midjan, inte h\u00f6jden). Nu hade jag f\u00e5tt ytterligare en halv skostorlek till, p\u00e5 ett \u00e5r. Gick ibland d\u00e5ligt, men kunde springa b\u00e5de fort och mycket. Tr\u00e4nade en del p\u00e5 gymmet samtidigt som jag kunde arbeta mer \u00e4n 12 timmar om dagen. Kroppen ville bara fram\u00e5t! Sov oerh\u00f6rt d\u00e5ligt och f\u00f6rstod aldrig varf\u00f6r jag inte kunde f\u00e5 sova ordentligt. Kroppen rusade mer nu och jag kunde n\u00e4stan aldrig sitta stilla. Ville sova, men kunde inte. En m\u00e4rklig sits.<\/p>\n\n\n\n<figure class=\"wp-block-image\"><img decoding=\"async\" src=\"http:\/\/www.gjutarenafve.com\/wp-content\/uploads\/2013\/02\/17-105x170.jpg\" alt=\"17\" class=\"wp-image-1023\"\/><\/figure>\n\n\n\n<figure class=\"wp-block-image\"><img decoding=\"async\" src=\"http:\/\/www.gjutarenafve.com\/wp-content\/uploads\/2013\/02\/18-145x170.jpg\" alt=\"18\" class=\"wp-image-1024\"\/><\/figure>\n\n\n\n<p>Bilderna ovan \u00e4r fr\u00e5n 2000-2001. Man kan se att h\u00e4nderna \u00e4r r\u00e4tt stora nu och att hj\u00e4ssa, haka, n\u00e4sa och l\u00e4ppar blivit st\u00f6rre. \u00d6gongloberna har blivit djupare. Ansiktsformen har nu f\u00f6r\u00e4ndrats rej\u00e4lt mot tidigare \u00e5r. Jag m\u00e4rkte i kroppen att n\u00e5got var fel, men \u00e5terigen trodde jag att det hade med \u00e5ldern att g\u00f6ra, jag var ju trots allt 36 \u00e5r.<\/p>\n\n\n\n<p>Mellan \u00e5ren 2001 och 2006 finns det n\u00e4stan inga bilder p\u00e5 mig. Jag flyttade till Stockholm 2003, efter att jag inte kunde f\u00e5 sova under l\u00e5nga tider. Jag inbillade mig att det hade med att jag inte stod ut med Malm\u00f6, staden som jag gillat tidigare. Rusningar i kroppen blev mer frekvent och att sova var en lyxvara. Det gick helt enkelt inte att somna, inte ens om jag var d\u00f6dstr\u00f6tt. Jag vaknade hela tiden och f\u00f6rstod inte riktigt varf\u00f6r jag inte var som alla andra och kunde skaffa familj och vara uth\u00e5llig med att ha ett och samma arbete, utan att hela tiden k\u00e4nna f\u00f6r att dra vidare. Det var som om jag inte kunde f\u00e5 stopp p\u00e5 rusningarna i kroppen. Ville bara vidare och fram\u00e5t.<\/p>\n\n\n\n<p>Sommaren 2003 l\u00e4rde jag k\u00e4nna massor med intressanta 08-or i Stockholm. P\u00e5 n\u00e5got s\u00e4tt trodde jag att de flesta urinv\u00e5narna i Stockholm kunde allt om sin stad och sin sk\u00e4rg\u00e5rd. Det slutade med att jag hela sommaren 2003 \u00e5kte runt p\u00e5 s\u00e5 m\u00e5nga \u00f6ar som jag orkade, med Waxholmsbolaget, samtidigt som jag gick p\u00e5 de flesta biografer, teatrar och fotbollsarenor. Allt f\u00f6r att bara l\u00e4ra k\u00e4nna staden. Jag ville kunna mer om Stockholm \u00e4n de som bott h\u00e4r l\u00e4nge eller som var uppv\u00e4xta i staden. Hela kroppen rusade och jag fick ingen ro. Sov n\u00e4stan ingenting och helt pl\u00f6tsligt fick jag jobb som marknadschef p\u00e5 ett mediebolag i Stockholm. Jobbad mycket och 2005 blev jag \u00e4ven ordf\u00f6rande f\u00f6r en av landet st\u00f6rsta ideella idrottsf\u00f6reningar med 10.000 medlemmar. Jag var alltid p\u00e5 g\u00e5ng, oroade mig f\u00f6r varf\u00f6r jag inte kunde sova. Vilopulsen var h\u00f6g och jag skulle vara med \u00f6verallt d\u00e5 kroppen och skallen bara skrek efter mer upplevelser. Bytte \u00e5terigen jobb, h\u00f6sten 2005. Stod inte ut med n\u00e5gonting! M\u00e5ste hela tiden ha nya saker<\/p>\n\n\n\n<p>2007 m\u00e5dde jag r\u00e4tt kass! Sov \u00e4nnu s\u00e4mre och kunde ligga och fundera \u00f6ver varf\u00f6r jag inte kunde sova. Mitt hum\u00f6r var \u00e5t skogen, kunde p\u00e5 mindre \u00e4n ett par sekunder g\u00e5 i taket och h\u00f6ja r\u00f6sten rej\u00e4lt! Hade noll-tolerans \u00f6ver mycket i livet.<\/p>\n\n\n\n<p>En av mina tjejkompisar sen 2005, hade i tv\u00e5 \u00e5r undrat undrat \u00f6ver mitt tillst\u00e5nd. Ibland n\u00e4r vi skulle ut och se p\u00e5 stan eller var hemma hos folk, fick jag alltid sitta ner f\u00f6r att ta p\u00e5 mig skorna och ryggen &#8221;pallade&#8221; inte f\u00f6r att st\u00e5 och s\u00e4tta p\u00e5 sig skorna samtidigt. &nbsp;F\u00f6tterna v\u00e4xte, \u00e5r f\u00f6r \u00e5r, och jag hade nu storlek 47 och 48, och f\u00f6tternas k\u00e4ndes hela tiden svullna. Hade sv\u00e5rt att g\u00e5 och ryggen var \u00e5t helvete. Alltid problem fysiskt, men det erk\u00e4nde jag inte f\u00f6r n\u00e5gon! Jag trodde bara att det var s\u00e5 h\u00e4r det skulle vara n\u00e4r man \u00e4nd\u00e5 hade fyllt 43 \u00e5r.<\/p>\n\n\n\n<p>I b\u00f6rjan p\u00e5 2007, fick jag ett telefonsamtal fr\u00e5n min b\u00e4sta tjejkompis som sa att hon ville tr\u00e4ffas inne p\u00e5 en restaurang i Stockholm. Eftersom mitt intresse f\u00f6r tjejer var obefintligt (p\u00e5 grund av tum\u00f6ren i hypofysen &#8211; vilket jag inte hade en aning om), s\u00e5 undrade jag givetvis varf\u00f6r det var s\u00e5 noga med att tr\u00e4ffas p\u00e5 en restaurang s\u00e5 d\u00e4r mitt i veckan. Efter n\u00e5gra minuters samtal fick jag en fr\u00e5ga om det inte kunde vara v\u00e4rt f\u00f6r mig att bes\u00f6ka en l\u00e4kare f\u00f6r att se om jag kunde ha n\u00e5gon sorts sjukdom (kommer ih\u00e5g att hon sa n\u00e5got om n\u00e5gon sorts tum\u00f6r), men jag skrattade bort det hela i b\u00f6rjan. Efterhand som vi satt och pratade p\u00e5 restaurangen s\u00e5 ins\u00e5g jag att den h\u00e4r tjejen pratade allvar med mig och jag b\u00f6rjade fundera p\u00e5 vart samtalet skulle leda. Kv\u00e4llen tog slut p\u00e5 restaurangen och jag lovade att jag skulle g\u00e5 och ta n\u00e5gra blodprov inom kort.<\/p>\n\n\n\n<p>Jag gick till en v\u00e5rdcentral i min n\u00e4rhet och tog n\u00e5gra blodprov. L\u00e4karen s\u00e5g mystiskt p\u00e5 mig och studerade mig noga. Det g\u00f6r nog alla l\u00e4kare t\u00e4nkte jag. De tar sitt kall p\u00e5 allvar och vill hj\u00e4lpa till<\/p>\n\n\n\n<p>Eftersom jag \u00e5kte runt i landet och inte svarade i telefon n\u00e4r jag satt i m\u00f6te, kommer jag ih\u00e5g att jag hade n\u00e5gra samtal, med hemligt nummer, som ringt till min mobilelefon. Eftersom ingen hade n\u00e5got \u00e4rende p\u00e5 telefonsvararen har jag ingen aning om det var l\u00e4karen eller n\u00e5gon annan som s\u00f6kt mig f\u00f6r samtal, n\u00e5gra dagar efter blodproven.<\/p>\n\n\n\n<p>Eftersom jag inte h\u00f6rt fr\u00e5n l\u00e4karen p\u00e5 telefon eller telefonsvararen, s\u00e5 trodde jag att allt var som det skulle, fram tills jag en dag kom hem fr\u00e5n en aff\u00e4rsresa och hemma \u00f6ppnade ett brev fr\u00e5n min l\u00e4kare p\u00e5 v\u00e5rdcentralen.<\/p>\n\n\n\n<figure class=\"wp-block-image\"><img decoding=\"async\" src=\"http:\/\/www.gjutarenafve.com\/wp-content\/uploads\/2013\/02\/19-170x138.jpg\" alt=\"19\" class=\"wp-image-1025\"\/><\/figure>\n\n\n\n<p>Brevet ovan, \u00e4r daterat till 2007-02-05. Fick brevet p\u00e5 tisdagen den 6 februari. L\u00e4ste brevet flera g\u00e5nger och d\u00e5 l\u00e4ste jag att jag inte hade f\u00e5tt &#8221;akromegali&#8221;. Trots allt l\u00e4ste jag brevet \u00e5tskilliga g\u00e5nger f\u00f6r att \u00f6vertyga mig om att jag l\u00e4st r\u00e4tt. Sen efter ett tag f\u00f6rstod jag vad det stod, men f\u00f6rstod inte egentligen. En tum\u00f6r i skallen skickar man v\u00e4l inte hem brev om t\u00e4nkte jag och b\u00f6rjade s\u00f6ka p\u00e5 n\u00e4tet vad den h\u00e4r tum\u00f6ren var f\u00f6r n\u00e5got. \u00d6verallt stod det om operationer i skallen och om godartade och icke godartade cancertum\u00f6rer. Vilken var min tum\u00f6r? Det b\u00f6rjade g\u00e5 runt i huvudet och jag f\u00f6rs\u00f6kte f\u00e5 tag i l\u00e4karen p\u00e5 telefon, men han hade inte mottagningstid f\u00f6rr\u00e4n om 6 dagar. Jag b\u00f6rjade ringa runt till Huddinge sjukhus och blev kopplad till massor av m\u00e4nniskor och ingen ville uttala sig n\u00e4r jag f\u00f6rs\u00f6kte f\u00e5 svar. Jag b\u00f6rjade tro att det h\u00e4r var d\u00f6dligt eftersom ingen vill svara mig om vad jag hade i skallen.<\/p>\n\n\n\n<p>N\u00e4r inte Huddinge sjukhus olika l\u00e4kare\/receptioner ville svara p\u00e5 mina fr\u00e5gor, s\u00e5 blev jag ombedd att ist\u00e4llet ringa till Karolinska i Solna, och hade ingen aning om vilka avdelningar eller vilka latinska namn det fanns p\u00e5 allt m\u00f6jligt som jag st\u00e4lldes fr\u00e5gor om. Jag kom \u00e4n till den ena avdelningen och \u00e4n till den andra. Det fanns en konstig avdelning som ben\u00e4mndes Endokrinologen, men om jag pratat med dem har jag bara en vag aning om. Fick inga svar av n\u00e5gon n\u00e4r jag ringde till i Solna. Det enda jag fick veta av alla var om det skickats remiss, annars ville ingen uttala sig om mig eller mitt \u00e4rende. Allt b\u00f6rjade te sig m\u00e4rkligt i mitt huvud. Tankarna for \u00e4nnu mer runt och det k\u00e4ndes som om jag mist f\u00f6rst\u00e5ndet.<\/p>\n\n\n\n<p>Eftersom ingen ville svar p\u00e5 mina fr\u00e5gor under 3 dagar, sov jag definitivt inget. Helt pl\u00f6tsligt k\u00e4ndes jag radarstyrd och hade noll koll p\u00e5 tid och \u00e4ta var jag inte intresserad av. Efter 3 dagar utan s\u00f6mn fick jag tag p\u00e5 min l\u00e4kare p\u00e5 telefon. Han tog emot mig under eftermiddagen och jag f\u00f6rs\u00f6kte f\u00f6rst\u00e5 vad l\u00e4karen pratade om. Fattade inte mycket och hade inte f\u00e5tt svar p\u00e5 mina fr\u00e5gor, tyckte jag. Ingen kunde tala om f\u00f6r mig om tum\u00f6ren var ofarlig eller farlig (cancer). Jag kunde inte under eftermiddagen kontrollera n\u00e5got av mig sj\u00e4lv och p\u00e5 kv\u00e4llen var jag s\u00e5 uppe i varv att jag via min kusin i Stockholm, k\u00f6rdes till psykakuten p\u00e5 Sankt G\u00f6rans Sjukhus. D\u00e4r hade jag givetvis gl\u00f6mt brevet fr\u00e5n min l\u00e4kare och det k\u00e4ndes som om ingen trodde p\u00e5 mig. Dock fick jag prata med en l\u00e4kare som gav mig lite samtal s\u00e5 d\u00e4r mitt i natten och sedan fick jag lite piller som lugnade ner l\u00e4get totalt. \u00c4ntligen kunde jag sova f\u00f6r f\u00f6rsta g\u00e5ngen p\u00e5 dessa dagar.<\/p>\n\n\n\n<p>Dagen efter med lugnande pillerburk i min hand, var det l\u00f6rdag. Jag gl\u00f6mmer aldrig den l\u00e5ngpromenaden ute i mitt n\u00e4romr\u00e5de som jag tog mig. Vet inte hur m\u00e5nga timmar i vinterkylan som jag bara promenerade. Kom till slut hem och satte mig och grubbla \u00f6ver vad jag var med om.<\/p>\n\n\n\n<p>S\u00e5 gick det en tid och till slut fick jag komma till Endokrinspecialister i Huddinge och Solna. F\u00f6rsta bes\u00f6ket i Huddinge slutade i en personlig krasch. Kunde inte f\u00f6rst\u00e5 att de ville operera mig i skallen. Det blev bara f\u00f6r mycket. Men innan en ev. operation s\u00e5 skulle det tas synunders\u00f6kningar, m\u00e5nga blodprover och s\u00e5 magnetr\u00f6ntgen av skallen. Att jag hade akromegali hade blodproven visat! S\u00e5 enkelt var det. Men jag visste inte om det var en &#8221;bra&#8221; tum\u00f6r som satt i hypofysen! Den oron g\u00e5r inte att beskriva och jag ville definitivt inte opereras i huvudet. Det sa jag flera g\u00e5nger till alla l\u00e4kare som jag tr\u00e4ffade. L\u00e4karna sa att det var b\u00e4st att opereras under 2007, men jag orkade inte ta beslutet f\u00f6rr\u00e4n sommaren 2008, d\u00e5 jag f\u00f6rst\u00e5tt vad som v\u00e4ntade om jag inte opererades. Hj\u00e4rtat, njurar och inre organ skulle v\u00e4xa sig st\u00f6rre utan operation och de sjukdomar som i \u00f6vrigt kunde uppkomma b\u00f6rjade jag nu f\u00f6rst\u00e5 var ett kommande resultat om jag inte opererades. Jag ringde min \u00f6verl\u00e4kare under sommaren 2008 och sa att jag inte orkade med mer och att jag inst\u00e4llde mig f\u00f6r &#8221;exekution&#8221;, som jag uttrycket det hela. Jag var helt \u00f6vertygad om att jag skulle d\u00f6 p\u00e5 operationsbordet, men jag kunde inte f\u00f6rklara varf\u00f6r, jag bara visste.<\/p>\n\n\n\n<p>I b\u00f6rjan p\u00e5 oktober 2008 fick jag tr\u00e4ffa en av v\u00e4rldens fr\u00e4msta kirurger till att operera hypofystum\u00f6rer i Stockholm. Jag hade beg\u00e4rt att f\u00e5 tr\u00e4ffa den b\u00e4sta m\u00f6jliga kirurg som gick att f\u00e5, om det \u00f6verhuvudtaget skulle bli operation, sa jag till min \u00f6verl\u00e4kare. Under samtalet med kirurgen s\u00e5 ber\u00e4ttade han exakt om riskerna och hur han hade t\u00e4nkt sig plocka ut tum\u00f6ren. Jag k\u00e4nde mig mycket lugnare och f\u00f6rstod att oddsen att \u00f6verleva en operation var mer \u00e4n stora, s\u00e5 d\u00e5 sa jag bara &#8221;k\u00f6r&#8221;. Eftersom kirurgen troligtvis f\u00f6rstod att jag kunde st\u00e4lla in operationen om jag b\u00f6rjade tveka, s\u00e5 sa han bara att vi opererar om en vecka. D\u00e4rigenom gick det s\u00e5 fort att jag aldrig hann backa bandet!<\/p>\n\n\n\n<p>Operationen gjordes den 13 oktober 2008, och jag blev k\u00f6rd ner till en m\u00e4rklig sal, d\u00e4r en skicklig narkosl\u00e4kare pratade lugnt och stilla och f\u00f6rs\u00f6kte f\u00f6rklara f\u00f6r mig vad som v\u00e4ntade. Det verkade lugnt och tryggt. Narkosl\u00e4karen sa till mig att jag skulle f\u00e5 sova riktigt djupt och att han skulle st\u00e5 d\u00e4r hela tiden tills de var f\u00e4rdiga!<\/p>\n\n\n\n<figure class=\"wp-block-image\"><img decoding=\"async\" src=\"http:\/\/www.gjutarenafve.com\/wp-content\/uploads\/2013\/02\/DSC00169-170x127.jpg\" alt=\"DSC00169\" class=\"wp-image-1039\"\/><\/figure>\n\n\n\n<figure class=\"wp-block-image\"><img decoding=\"async\" src=\"http:\/\/www.gjutarenafve.com\/wp-content\/uploads\/2013\/02\/DSC00170-127x170.jpg\" alt=\"DSC00170\" class=\"wp-image-1040\"\/><\/figure>\n\n\n\n<figure class=\"wp-block-image\"><img decoding=\"async\" src=\"http:\/\/www.gjutarenafve.com\/wp-content\/uploads\/2013\/02\/DSC02018-170x127.jpg\" alt=\"DSC02018\" class=\"wp-image-1041\"\/><\/figure>\n\n\n\n<p>Ovan: F\u00f6rsta tv\u00e5 bilderna till v\u00e4nster \u00e4r fr\u00e5n dag 4 d\u00e5 jag fick lyfta huvudet helt och b\u00f6rja g\u00e5 i rummet. Sista bilden till h\u00f6ger \u00e4r 2;a dagen n\u00e4r jag inte fick lyfta huvudet mer \u00e4n n\u00e5gra centimeter, men mer f\u00f6r varje dag som gick!<\/p>\n\n\n\n<p>F\u00f6r att g\u00f6ra en l\u00e5ng historia kort s\u00e5 har jag i dagsl\u00e4get, september 2015, tv\u00e5 tum\u00f6rer i hypofysen. Operationen som gjordes 2008 var framg\u00e5ngsrik, men jag k\u00e4nde i hela kroppen under v\u00e5ren 2009 att jag hade f\u00e5tt tillbaka samma tum\u00f6r i kroppen. Sluddret kom tillbaka och jag kunde k\u00e4nna mig som jag gjorde innan, dock p\u00e5 en b\u00e4ttre niv\u00e5 \u00e4n innan operationen. Jag kommer ih\u00e5g att jag ringde upp min \u00f6verl\u00e4kare och bara sa att &#8221;den \u00e4r tillbaka&#8221; och att jag visste. Vi tog blodprover igen, och allt tydde p\u00e5 att tum\u00f6ren kommit tillbaka.<\/p>\n\n\n\n<p>Mycket annat runt hela tum\u00f6rhistorien ber\u00e4ttar jag tre g\u00e5nger om \u00e5ret, genom standup-f\u00f6rel\u00e4sningar p\u00e5 Karolinska Institutet. Jag har nu meddelat f\u00f6rel\u00e4sningar under n\u00e5gra \u00e5r och varje g\u00e5ng k\u00e4nns som en bra &nbsp;terapi f\u00f6r mig. Jag f\u00e5r ber\u00e4tta om hela f\u00f6rloppet och k\u00e4nner mig nu ha accepterat b\u00e5de min f\u00f6r\u00e4ndring av utseendet och hela den psykiska belastningen som jag g\u00e5tt igenom. Nya l\u00e4karstudenter lyssnar till mina f\u00f6rel\u00e4sningar och de tv\u00e5 n\u00e4rmaste specialistl\u00e4karna jag haft kontakt med p\u00e5 Karolinska, \u00e4r med varje g\u00e5ng! Det \u00e4r deras elever som jag h\u00e5ller 45-minuters oavbruten standup-f\u00f6rel\u00e4sning om roliga effekter av akromegalitum\u00f6rer. Ungef\u00e4r 100 elever lyssnar per g\u00e5ng + n\u00e5gra som kommer dit av ren nyfikenhet.<\/p>\n\n\n\n<p>F\u00f6r att g\u00e5 tillbaka till \u00e5ret innan jag opererades, 2007, ville jag \u00e4ndra mitt liv till n\u00e5got kreativt. Jag r\u00e5kade svara p\u00e5 en annons f\u00f6r Molanders Casting i Stockholm. De s\u00f6kte en h\u00e5rig person som kunde spela &#8221;grottm\u00e4nniska&#8221; i en TV-reklam. Varf\u00f6r inte t\u00e4nkte jag och ans\u00f6kte. Jag f\u00f6rstod inte vad en casting innebar och bara gick iv\u00e4g p\u00e5 vinst och f\u00f6rlust. Jag fick n\u00e4stan kl\u00e4 av mig alla kl\u00e4derna p\u00e5 castingen och mer h\u00e5r p\u00e5 kroppen hade de inte sett och jag b\u00f6rjade ta regi f\u00f6r f\u00f6rsta g\u00e5ngen utan att f\u00f6rst\u00e5 vad jag h\u00f6ll p\u00e5 med. N\u00e5gra dagar efter castingen, ringdes jag upp och de sa att Canal Digital hade skrattat sig f\u00f6rd\u00e4rvade n\u00e4r de kikat p\u00e5 min provfilmning. D\u00e5 trodde jag att jag gjort bort mig f\u00f6r tid och evighet. F\u00f6rstod inte att det var bra respons! Sen erh\u00f6ll jag huvudkarakt\u00e4ren i deras Tv-reklam under 2007. Kolla allt h\u00e5r p\u00e5 bilden nedan (bilden h\u00e4ngde utanf\u00f6r alla elektronikbutiker i hela Sverige, samt i h\u00f6jden 2 meter)<\/p>\n\n\n\n<figure class=\"wp-block-image\"><img decoding=\"async\" src=\"http:\/\/www.gjutarenafve.com\/wp-content\/uploads\/2013\/02\/20-79x170.gif\" alt=\"20\" class=\"wp-image-1026\"\/><\/figure>\n\n\n\n<p>Efter Canal Digital-reklamen 2007 ville jag bara bort fr\u00e5n all civil- och nationalekonomi! F\u00f6r de som vill se mer om hur det g\u00e5tt med fler huvudkarakt\u00e4rer, filmer och eventsk\u00e5despeleri m.m., kan studera detta p\u00e5&nbsp;<a href=\"https:\/\/vimeo.com\/argamannen\">https:\/\/vimeo.com\/argamannen<\/a><\/p>\n\n\n\n<p>I filmsammanhang kallas jag numera f\u00f6r &#8221;Arga Mannen&#8221; och det \u00e4r n\u00e5got man &#8221;m\u00e5ste leva upp till&#8221;.<\/p>\n\n\n\n<p><strong>Efter operationen och k\u00e4nslan n\u00e4r tum\u00f6ren kommer tillbaka:<\/strong><\/p>\n\n\n\n<p>V\u00e5ren 2009 k\u00e4nde jag av n\u00e5got som liknade tidigare symptom och efter magnetr\u00f6ntgen hittades tv\u00e5 nya tum\u00f6rer, p\u00e5 samma st\u00e4lle.<\/p>\n\n\n\n<p>N\u00e4r man sj\u00e4lv k\u00e4nner att man f\u00e5r tillbaka symptom p\u00e5 mikros\u00f6mn, stress i hela kroppen dygnet runt, ont i alla leder, sv\u00e5rt att knyta skorna utan att sitta ner, dubbelt s\u00e5 tjock tunga s\u00e5 att man hela tiden pratar utan r\u00e4tt bokst\u00e4ver samt b\u00e5de ADHD och Bipolaritet&#8230;.d\u00e5 vet man vad som utvecklas i kroppen! Idag har jag inget av alla de &#8221;sp\u00e4nnande&#8221; &#8221;bonusdiagnoserna&#8221;<\/p>\n\n\n\n<p>Jag har g\u00e5tt \u00f6ver till mestadels vegetarisk kost och b\u00f6rjat med olika havredrycker! Har trots m\u00e5nga motg\u00e5ngar, slutat \u00e4ta godis varje dag och i fel m\u00e4ngder.<\/p>\n\n\n\n<p>Mat utan kemikalier, renat vatten utan klor och k\u00f6ttfri kost (utan en massa antibiotika och allt vad den industriella djurh\u00e5llningsindustrin misshandlar levande v\u00e4sen med) tror jag kan vara en stor bidragande orsak till den h\u00e4r utvecklingen!<\/p>\n\n\n\n<p>Tum\u00f6rer \u00e4lskar socker och det \u00e4r rena festen f\u00f6r alla sorters tum\u00f6rer med h\u00f6gt sockerintag! Tum\u00f6rer v\u00e4xer fort om man tills\u00e4tter sin kost med alla former av socker! M\u00e5ste f\u00f6rs\u00f6ka dra ner ytterligare p\u00e5 sockret, \u00e4ven om det \u00e4r dj\u00e4vulusiskt sv\u00e5rt. V\u00e4rre \u00e4n att sluta r\u00f6ka elker snusa!<\/p>\n\n\n\n<p><strong>Sprutor som man tvingas ta efter operation:<\/strong><\/p>\n\n\n\n<p>Nebido alt. Pregnyl (pga brist av testosteron &#8211; hypofysen har slutat att producera). Nebido injiceras var 6:e vecka i ryggslutet, alternativt att man injicerar Pregnyl 3 ggr\/vecka och som tas i magen.<\/p>\n\n\n\n<figure class=\"wp-block-image\"><img decoding=\"async\" src=\"http:\/\/www.gjutarenafve.com\/wp-content\/uploads\/2013\/02\/20160505_204406-170x96.jpg\" alt=\"\" class=\"wp-image-1900\"\/><\/figure>\n\n\n\n<figure class=\"wp-block-image\"><img decoding=\"async\" src=\"http:\/\/www.gjutarenafve.com\/wp-content\/uploads\/2013\/02\/20170302_163244-e1488469475140-170x128.jpg\" alt=\"\" class=\"wp-image-1901\"\/><\/figure>\n\n\n\n<p>Somatuline Autogel (Grov spruta som man sj\u00e4lv s\u00e4tter i en benmuskel eller i ryggslutet av sjuksk\u00f6terska) injiceras var 4:e vecka.<\/p>\n\n\n\n<figure class=\"wp-block-image\"><img decoding=\"async\" src=\"http:\/\/www.gjutarenafve.com\/wp-content\/uploads\/2013\/02\/20161025_185816-170x128.jpg\" alt=\"\" class=\"wp-image-1899\"\/><\/figure>\n\n\n\n<p><strong>Gammastr\u00e5lning 2016 och fram\u00e5t<\/strong><\/p>\n\n\n\n<figure class=\"wp-block-image\"><img decoding=\"async\" src=\"http:\/\/www.gjutarenafve.com\/wp-content\/uploads\/2013\/02\/Gammastr\u00e5lning-bara-huvudet-170x170.jpg\" alt=\"\" class=\"wp-image-1902\"\/><\/figure>\n\n\n\n<p>I mars 2016 gjorde jag en gammastr\u00e5lning p\u00e5 Karolinska i Solna. Man togs in dagen innan p\u00e5 eftermiddagen och det utf\u00f6rdes en del provtagningar. Klockan 06.00 p\u00e5 morgonen v\u00e4cktes man f\u00f6r dusch. F\u00f6rst \u00e5kte man till en avdelning f\u00f6r p\u00e5s\u00e4ttande av en st\u00e5lst\u00e4llning p\u00e5 huvudet. Det stacks 4 bed\u00f6vningssprutor i skallen (2 bak och 2 fram), och n\u00e4r bed\u00f6vningen kommit p\u00e5 plats s\u00e5 skruvades st\u00e4llningen fast med riktiga skruvar i skallen. Intressant upplevelse m\u00e5 jag s\u00e4ga. Sticken av de fyra sprutorna k\u00e4ndes knappt och jag f\u00f6rst\u00e5r nu att det inte gjorde det minsta ont!<\/p>\n\n\n\n<p>Efter att l\u00e4karen kollat att s\u00e5 att hela st\u00e4llningen sitter fast i skallbenet, s\u00e4tts huvudet fast i en ny st\u00e4llning i gammknivsmaskinen. Tanken \u00e4r att huvudet skall vara blixt stilla och att man inte f\u00e5r en chans att r\u00f6ra huvudet under gammastr\u00e5lningen. Man f\u00f6rs sedan in i en liten tunnel d\u00e4r man f\u00e5r ligga tills processen \u00e4r \u00f6ver. I mitt fall l\u00e5g jag 1h och 6 minuter. Man f\u00e5r inte somna, vilket jag \u00e4nd\u00e5 gjorde pga tystnaden i rummet och l\u00e4ngden p\u00e5 processen. N\u00e4r allt var \u00f6ver s\u00e5 k\u00e4ndes det inget speciellt. Effekten kommer efter 6-12 m\u00e5nader.<\/p>\n\n\n\n<p>Under 2016 har IGF-1-v\u00e4rdet g\u00e5tt ner, men jag tvingas fortfarande att ta Somatuline-sprutorna. Om och n\u00e4r str\u00e5lningen f\u00e5r full effekt skall tum\u00f6ren sj\u00e4lvd\u00f6, \u00e4r tanken. D\u00e5 skall jag f\u00f6rhoppningsvis slippa en av tv\u00e5 sprutor.<\/p>\n\n\n\n<p>Det \u00e4r nu 2017 och inga f\u00f6r\u00e4ndringar i \u00f6vrigt har uppm\u00e4rksammats. Enligt uppgift skall jag magnetr\u00f6ntgas i april samt ta lite nya prover f\u00f6r att s\u00e4kerst\u00e4lla att tum\u00f6ren f\u00f6rsvunnit. Det b\u00e4sta med allt \u00e4r att&nbsp;bipolaritet och ADHD-k\u00e4nningar \u00e4r borta!<\/p>\n\n\n\n<p><strong>Forts\u00e4ttning av h\u00e4ndelser 2016 och 2017&nbsp;<\/strong><\/p>\n\n\n\n<p>Den 9 mars 2016 fick jag smaka p\u00e5 str\u00e5lkniven. Sedan tog jag 2 m\u00e5nader efter det den vanliga akromegalisprutan (Somatuline). 7 mars f\u00f6ll jag ihop p\u00e5 en fotbollsmatch i Enskede. Benen blev pl\u00f6tsligt supertjocka och jag bara ramlade ihop och b\u00f6rjade tappa allt maginneh\u00e5ll, sidan om fotbollsplanen.<\/p>\n\n\n\n<p>Den 3 augusti faller jag ihop totalt p\u00e5 en toalett ombord p\u00e5 en av Waxholmsbolagets b\u00e5tar ute vid Svartl\u00f6ga. Jag hade k\u00e4nt mig yr n\u00e5gra minuter efter att vi lagt ut fr\u00e5n Str\u00f6mkajen i Stockholm. D\u00e4refter f\u00f6ll jag ihop totalt p\u00e5 b\u00e5ttoalletten och fick inte beh\u00e5lla n\u00e5got av v\u00e4tskan i kroppen. Jag hade l\u00e5st d\u00f6rren, som brukligt \u00e4r, men kunde inte resa mig upp och fr\u00e5ga efter hj\u00e4lp, jag bara l\u00e5g p\u00e5 golvet. Det kom n\u00e5gra olika personer som skulle in och de tyckte helt r\u00e4tt att toaletten var ockuperad f\u00f6r l\u00e5ng tid och fr\u00e5gade om jag var sjuk som var d\u00e4r inne&#8230; p\u00e5 s\u00e5 s\u00e4tt kunde vi b\u00f6rja kommunicera&#8230; 2.5 h efter att jag hamnade p\u00e5 golvet kom en ambulanshelikopter och h\u00e4mtade mig. D\u00e5 hade jag ganska h\u00f6g puls och mycket l\u00e5gt blodtryck. Kommer ih\u00e5g f\u00e4rden med helikopter, i en enorm dimma. V\u00e4l p\u00e5 Karolinska i Solna, b\u00f6rjade hela kroppen skaka igen, fick inte stopp p\u00e5 skakningarna trots att jag h\u00f6ll h\u00e5rt i benen. Ganska mycket v\u00e4tska fick jag intraven\u00f6st. En l\u00e5g kroppstemperatur och \u00f6gon som h\u00f6ll p\u00e5 att ramla bakl\u00e4nges fick jag h\u00f6ra att jag hade&#8230; Minns inte mycket mer \u00e4n s\u00e5 i b\u00f6rjan, men d\u00e4refter fick jag ligga en hel vecka p\u00e5 avdelning, men inga prover kunde visa p\u00e5 varf\u00f6r jag ramlat ihop. L\u00e4karna var lite f\u00f6rbryllade, d\u00e5 jag inte fick beh\u00e5lla varken mat eller v\u00e4tska under n\u00e5gra dagar. Efter 5 dagar fick jag \u00e5ka hem och \u00f6gonvitorna b\u00f6rjade bli lite gula. Fick en f\u00f6rklaring till att \u00f6gonvitorna blir gula och det var v\u00e4tskebrist. Ju mer jag fick beh\u00e5lla v\u00e4tska i kroppen och ju mer v\u00e4tska jag tillf\u00f6rde s\u00e5 f\u00f6rsvann det gula i \u00f6gonvitorna. En l\u00e4rdom jag tagit med mig till senare h\u00e4ndelser. L\u00e4karna &#8221;trodde&#8221; att jag r\u00e5kat ut f\u00f6r en magsjuka och n\u00e4r jag ber\u00e4ttade f\u00f6r dem att jag inte \u00e4tit n\u00e5got p\u00e5 morgonen jag blev sjuk, blev de f\u00f6rbryllade&#8230;<\/p>\n\n\n\n<p>Det g\u00e5r nu n\u00e5gra m\u00e5nader igen och allt l\u00f6per p\u00e5 normalt. Men s\u00e5 sker samma sak igen den 13 februari 2017. Jag faller ihop hemma och ligger p\u00e5 mitt badrumsgolv i flera timmar utan att kunna r\u00f6ra mig upp eller ner&#8230; bara ligger och \u00e4r icke kommunicerbar, d\u00e5 jag inte har med mig mobilen p\u00e5 golvet. Samma sak igen&#8230; kan varken \u00e4ta eller dricka under n\u00e5gra dagar, k\u00e4nner mig helt matt och med stor v\u00e4tskebrist. \u00c5terigen blir \u00f6gonvitorna gula. 4 eller 5 dagar i s\u00e4ngl\u00e4ge. F\u00f6rstod inte vad som h\u00e4nde, mer \u00e4n att det h\u00e4nde igen.<\/p>\n\n\n\n<p>K\u00e4nner mig frisk ett antal m\u00e5nader och s\u00e5 helt pl\u00f6tsligt den 6 maj 2017 \u00e4r det dags igen&#8230; piggnar till efter n\u00e5gra dagar och allt blir bra&#8230; sedan tar det inte l\u00e5ng tid f\u00f6rr\u00e4n jag med ambulans \u00e5ker in med samma symtom den 21 maj. L\u00e4karna p\u00e5st\u00e5r att det \u00e4r en odiagnosticerad magsjuka, jag s\u00e4ger nej det kan det inte vara f\u00f6r jag k\u00e4nner igen m\u00f6nstret. F\u00e5r sova p\u00e5 en h\u00e5rd brits en bit in p\u00e5 natten&#8230;och blir sedan hemskickad d\u00e5 jag inte verkar vara s\u00e5 d\u00e4r j\u00e4ttesjuk. Jag tar en taxi hem och sedan ligger jag n\u00e5gra dagar&#8230;<\/p>\n\n\n\n<p>21 maj \u00e4r det dags igen. D\u00e5 har jag f\u00f6rst\u00e5tt vad som h\u00e5ller p\u00e5 att h\u00e4nda och tar med mig mobilen in p\u00e5 toaletten och sl\u00e4pper inte mobilen!!! Helt pl\u00f6tslig \u00e4r jag p\u00e5 golvet igen och jag smsar en kompis om att han skall ringa ambulans, skriver bara &#8221;ring ambulans&#8221;&#8230;orkade inte ringa SOS sj\u00e4lv&#8230; det g\u00e5r r\u00e4tt snabbt och sedan ringer SOS tillbaka till min mobil n\u00e4r jag ligger p\u00e5 govlet&#8230; och SOS ifr\u00e5gas\u00e4tter om jag \u00f6verhuvudtaget \u00e4r sjuk och beh\u00f6ver ambulans. Jag v\u00e4djar till SOS-personen i telefonen att skicka en ambulans&#8230;sen minns jag bara att jag krupit ut till min huvudd\u00f6rr till huset och lyckats resa mig upp f\u00f6r att \u00f6ppna d\u00f6rren till ambulanspersonalen&#8230; d\u00e4refter rasade jag ihop p\u00e5 golvet igen.<\/p>\n\n\n\n<p>Det jag minns av akuten den 21 maj \u00e4r att jag \u00e5terigen blir ifr\u00e5gasatt n\u00e4r jag kommer dit, det verkar bara vara en mag\u00e5komma p\u00e5st\u00e5r n\u00e5gon&#8230; men jag ber\u00e4ttar d\u00e5 om alla g\u00e5nger jag fallit ihop och jag v\u00e4djar om att gl\u00f6mma allt vad som heter mag\u00e5komma och kontrollera efter andra \u00e5kommor. \u00c5ker in och ut p\u00e5 r\u00f6ntgen efter n\u00e5gra timmar! Blodprover tas i m\u00e4ngder och jag har lite vak p\u00e5 akuten d\u00e5 \u00f6gonen verkade vilja falla bakl\u00e4nges och jag hade \u00e5terigen h\u00f6g puls och l\u00e5gt blodtryck.<\/p>\n\n\n\n<p>Jag stannar p\u00e5 Huddinge sjukhus i 5 dagar och min gallbl\u00e5sa opereras akut och tas bort helt. Det visar sig att hela gallbl\u00e5san \u00e4r full till bredden med stenar. Vad jag vet \u00e4r att min akromegalimedicinen &#8221;Somatuline&#8221;, ger gallstenar som bieffekt. Men att hela gallbl\u00e5san skulle vara helt full kunde jag knappast f\u00f6rst\u00e5, men s\u00e5 var det. Jag sa till kirurgen, n\u00e4r jag vaknade till efter operationen att jag inte trodde att det var gallbl\u00e5san som var prim\u00e4r orsak till att jag faller ihop. Kirurgen ans\u00e5g helt riktigt att det inte var hela f\u00f6rklaringen och trodde att det kunde vara en tarmproblematik samtidigt. Det blev koloskopi och man hittade varken cancer eller andra sjukdomar i tjocktarmen. Under tiden jag sov under opererationen av gallbl\u00e5san, s\u00e5 hade de \u00e4ven gjort gastroskopi i min mage. Sk\u00f6nt att de gjorde gastroskopin n\u00e4r jag &#8221;sov&#8221;. Det \u00e4r ingen rolig unders\u00f6kning i normala fall.<\/p>\n\n\n\n<p>En tid efter vistelsen p\u00e5 v\u00e5rdavdelningen s\u00e5 gjorde vi \u00e4ven en magnetr\u00f6ntgen p\u00e5 lever, njurar och bukspottk\u00f6rtel. Allt som hittades var att en gallg\u00e5ng till bukspottk\u00f6rteln var mycket bredare nu \u00e4n innan operationen. Det skulle kunna vara en gallsten som vandrat vidare och satt sig i denna &#8221;gallg\u00e5ng&#8221;. Ingen vet vad som \u00e4r orsak och verkan och fortfarande idag, 170914, har jag inga andra svar \u00e4n att vi tar fler blodprov och nya l\u00e4karbes\u00f6k kan bli n\u00f6dv\u00e4ndiga. En av kirurgerna ringde mig i f\u00f6rrg\u00e5r, 170912 och vi hade ett l\u00e4ngre samtal om vad som b\u00f6r f\u00f6ljas upp. Vi kom \u00f6verens om att l\u00e4karen skulle g\u00e5 vidare med mina r\u00f6ntgenbilder p\u00e5 bukspottk\u00f6rteln till en intern l\u00e4karkonferens p\u00e5 Huddinge sjukhus, d\u00e4refter skall jag f\u00e5 info om hur de t\u00e4nker runt det hela, men f\u00f6rst n\u00e4r blodproverna som jag tog 170913 \u00e4r analyserade. d\u00e4r st\u00e5r vi nu.<\/p>\n\n\n\n<p>Men&#8230; jag gl\u00f6mde att ber\u00e4tta att jag den 2 september 2017 f\u00f6ll ihop igen&#8230; men lyckades ta mig samman f\u00f6r lite arbete dagen efter. Men n\u00e4r jag sedan kom hem igen s\u00e5 l\u00e5g jag i totalt 4 dagar igen&#8230; man k\u00e4nner igen m\u00f6nstret&#8230;.<\/p>\n\n\n\n<p>Jag undrar nu om bieffekterna av Somatuline, Candesarstad (blodtryckss\u00e4nkande medicin), Bundisarin (f\u00f6rstorad prostata) eller pregnyl (kroppsliknande testosteron) kan vara orsaken till mitt ihoppfallande. Det kan vara bieffekter av en eller flera mediciner, men det kan ocks\u00e5 eventuellt vara n\u00e5got med kosten eller att jag inte orkar med stress l\u00e4ngre. Jag vet faktiskt inte vad det hela handlar om s\u00e5 jag bara vandrar vidare och v\u00e4ntar p\u00e5 svar. Just nu s\u00e5 \u00e4r jag i full vig\u00f6r s\u00e5 det \u00e4r bara att tuta och k\u00f6ra tills n\u00e5got h\u00e4nder igen. Man skall inte vara nedslagen f\u00f6r dessa h\u00e4ndelser, det \u00e4r b\u00e4ttre att ta sig samman och hoppas p\u00e5 att allt blir b\u00e4ttre efterhand. D\u00e4r st\u00e5r jag idag (170914).<\/p>\n\n\n\n<p>Jag har nu f\u00e5tt tv\u00e5 nya l\u00e4karbes\u00f6k samma dag, 5 oktober 2017. Det ena p\u00e5 Endokrin i Solna p\u00e5 f\u00f6rmiddagen och sedan p\u00e5 e.m bes\u00f6ker jag kirurgen p\u00e5 ATK i Huddinge. Blir intressant vad som framkommer.<\/p>\n\n\n\n<p>Fr\u00e5n Kirurgen i Huddinge fick jag h\u00f6ra att en ing\u00e5ng (f\u00f6rbindelse) in i Bukspottk\u00f6rteln visar ett skuggomr\u00e5de som \u00e4r 5 mm stort. Hade det varit 6 mm hade jag omg\u00e5ende f\u00e5tt operera bort bukspottk\u00f6rteln. Skuggomr\u00e5det kan vara en f\u00f6rstadie till cancer alternativt&nbsp; att en gallsten fastnat omr\u00e5det. Mer \u00e4n s\u00e5 gick inte att f\u00e5 ut just nu. Dock skall jag var 6:e m\u00e5nad fram\u00f6ver g\u00f6ra en magr\u00f6ntgen f\u00f6r att se att det skuggade omr\u00e5det inte v\u00e4xer till sig (f\u00f6rhoppningsvis \u00e4r det d\u00e5 en gallsten som fastnat).<\/p>\n\n\n\n<p>Den 17 april 2018 informerade en av mina \u00f6verl\u00e4kare p\u00e5 Karolinska i Solna, att tum\u00f6ren i Hypofysen nu ser ut att g\u00e5 tillbaka, rent verkansm\u00e4ssigt. Indikatorn f\u00f6r tv\u00e5 tillv\u00e4xtv\u00e4rden IGF-1 och GH visar p\u00e5 tv\u00e5 saker. IGF-1 har nu kommit innanf\u00f6r normala v\u00e4rden med v\u00e4rdet 167 (f\u00f6r ett halv\u00e5r sedan var v\u00e4rdet 194). Dock visar sig nu att GH, ist\u00e4llet \u00f6kat fr\u00e5n 0,4 till dagens v\u00e4rde 0,7. Det f\u00f6ranleder inte n\u00e5gon \u00e5tg\u00e4rd.<\/p>\n\n\n\n<p>Skillnaden mellan GH och IGF1, samt vilka niv\u00e5er som \u00e4r normala:<\/p>\n\n\n\n<p><a href=\"https:\/\/werlabs.se\/vara-tester\/igf-1-och-c-peptid\">&#8221;IGF-1<\/a> \u00e4r ett hormon som tillh\u00f6r en familj med tillv\u00e4xtfaktorer som i sitt kemiska utseende liknar insulin. IGF-1 produceras framf\u00f6rallt i levern men \u00e4ven av m\u00e5nga andra v\u00e4vnader i kroppen (tex hj\u00e4rta, njurar och ben), ofta som en respons fr\u00e5n somatotropin (tillv\u00e4xthormon &#8211; GH) som produceras i hypofysen. \u00c4ven insulin stimulerar IGF-1 och dessa niv\u00e5er f\u00f6ljer ofta varandra.<\/p>\n\n\n\n<p>H\u00f6ga IGF-1 v\u00e4rden hos vuxna \u00f6kar risken f\u00f6r sjukdomar som cancer men ger \u00e4ven en \u00f6kning av muskelmassa eftersom hormonet hj\u00e4lper till att reparera och skapa nya celler. Inom sjukv\u00e5rden tas IGF-1 f\u00f6r att b\u00e5de diagnostisera och f\u00f6lja behandlingen av olika typer av tillv\u00e4xtrubbningar (tex dv\u00e4rgv\u00e4xt och akromegali\/gigantism). Det anv\u00e4nds ocks\u00e5 f\u00f6r att kartl\u00e4gga eventuella nutritionsst\u00f6rningar d\u00e5 v\u00e4rdet kan sjunka vid otillr\u00e4ckligt intag av protein. Vid \u00e5terg\u00e5ng till balanserad nutrition kan niv\u00e5erna av IGF-1 stiga igen. Det finns forskning som tyder p\u00e5 att det kan finns en skillnad mellan l\u00e5ngvarig kalorirestriktion (d\u00e5 IGF-1 kan sjunka) och intermittent fasta (d\u00e5 IGF-1 kan \u00f6ka). Detta \u00e4r dock inte helt klarlagt och h\u00e4r finns \u00e4ven motstridiga resultat, s\u00e5 tolkningen av niv\u00e5erna av IGF-1 g\u00e4llande intermittent fasta\/l\u00e5ngvarig kalorirestriktion \u00e4r komplex.<\/p>\n\n\n\n<p>P\u00e5 grund av sin natur av ett anabolt tillv\u00e4xthormon kan man f\u00f6lja dess niv\u00e5er vid olika typer av yttre p\u00e5verkan p\u00e5 kroppen som till exempel tr\u00e4ning. Det har visats stiga som mest vid tung, excentrisk styrketr\u00e4ning &#8211; men \u00e4ven l\u00e5ngvarig aerob tr\u00e4ning har effekt p\u00e5 IGF-1. V\u00e4rt att notera \u00e4r dock att niv\u00e5erna av IGF-1 fortfarande kan vara inom referensintervallet och att det kan vara av v\u00e4rde att relatera niv\u00e5erna till sitt eget utg\u00e5ngsv\u00e4rde. \u00c4ven s\u00f6mn stimulerar produktion av GH och d\u00e4rigenom IGF-1. Det debatteras ocks\u00e5 huruvida IGF-1 kan anv\u00e4ndas som en mark\u00f6r f\u00f6r bensk\u00f6rhet. Det man vet \u00e4r att IGF-1 och GH p\u00e5verkar benuppbyggnad positivt.&#8221; (l\u00e4nk:&nbsp;https:\/\/werlabs.se\/halsokontroll\/IGF-1 )<\/p>\n\n\n\n<p><strong>2019 med Bukspottk\u00f6rteloperation och l\u00e5ng rehab<\/strong><\/p>\n\n\n\n<p>12 augusti var det dags f\u00f6r kniven igen! Lades in s\u00f6ndagen den 11 augusti p\u00e5 KS i Huddinge.&nbsp;<\/p>\n\n\n\n<p>Vaknade upp p\u00e5 intensiven och k\u00e4nde en l\u00e4ttnad av att vara tillbaka igen, trots alla sladdar och dr\u00e4nage.&nbsp;<\/p>\n\n\n\n<figure class=\"wp-block-image\"><img decoding=\"async\" src=\"http:\/\/www.gjutarenafve.com\/wp-content\/uploads\/2019\/09\/Sjukhus-med-slangar-1-1024x392.jpg\" alt=\"Denna bild har ett alt-attribut som \u00e4r tomt. Dess filnamn \u00e4r Sjukhus-med-slangar-1-1024x392.jpg\"\/><\/figure>\n\n\n\n<p>Tog mig tid att skriva lite p\u00e5 Facebook from 15 augusti.<\/p>\n\n\n\n<p>&#8221;S\u00e5 d\u00e5 \u00e4r man p\u00e5 b\u00e4ttre tankar idag!<\/p>\n\n\n\n<p>Ena delen av bukspottk\u00f6rteln samt hela tunntarmen \u00e4r nu borta! Operationen tog 10 h att genomf\u00f6ra.Nu kan allt bara bli b\u00e4ttre. Det p\u00e5st\u00e5s att man \u00e4r inlagd 2-3 veckor efter operationen. Skall f\u00f6rs\u00f6ka f\u00e5 ner den tiden med n\u00e5gra dagar.<\/p>\n\n\n\n<p>D\u00e5 har jag f\u00e5tt l\u00e4ra mig g\u00e5 igen, sakta, samt inom n\u00e5gra dagar f\u00e5r jag prova p\u00e5 att \u00e4ta.&nbsp;Vilka hj\u00e4ltar som jobbar h\u00e4r!!!!!&#8221;&nbsp;<\/p>\n\n\n\n<p>26 augusti blev jag placerad p\u00e5 Saltsj\u00f6badens sjukhem.&nbsp;<\/p>\n\n\n\n<p>&#8221;Idag skickas jag p\u00e5 en vecka, till Rehab Saltsj\u00f6baden kl 11.00.<\/p>\n\n\n\n<p>Allt jag g\u00f6r g\u00e5r l\u00e5ngsamt, men blir b\u00e4ttre f\u00f6r varje dag.<\/p>\n\n\n\n<p>G\u00e5tt ner till 97.6 kg och kommer g\u00e5 ner ytterligare, sedan v\u00e4nder det.<\/p>\n\n\n\n<p>L\u00e4gger bara ut bild p\u00e5 magen, d\u00e5 ansiktet \u00e4r insjunkit och man ser ut som&#8230;<\/p>\n\n\n\n<p>Tr\u00e4ffat patienter som har det mycket v\u00e4rre \u00e4n mig sj\u00e4lv. En person ber\u00e4ttade att han b\u00f6rjade f\u00e5 ont i magen f\u00f6r 8 veckor sedan&#8230; han hade en 10 cm cancertum\u00f6r&#8230; och f\u00e5tt vara h\u00e4r 6 veckor. S\u00e5nt tar p\u00e5 det mentala!!!! Vi f\u00e5r \u00e5ka p\u00e5 Rehab b\u00e4gge tv\u00e5 idag. Det finns alltid hopp!!!!<\/p>\n\n\n\n<p>Men nu ser jag fram\u00e5t med allt som kalendern skall fyllas med om n\u00e5gra m\u00e5nader.<\/p>\n\n\n\n<p>Stort tack till alla v\u00e4nner som st\u00f6ttat i den h\u00e4r kampen f\u00f6r att bli frisk!!!!<\/p>\n\n\n\n<p>Bilderna nedan \u00e4r p\u00e5 de tv\u00e5 varelser som jag saknar allra mest, mina katter Lady och Dexter.<\/p>\n\n\n\n<figure class=\"wp-block-image\"><img decoding=\"async\" src=\"http:\/\/www.gjutarenafve.com\/wp-content\/uploads\/2019\/09\/Lady-170213-1024x948.jpg\" alt=\"Denna bild har ett alt-attribut som \u00e4r tomt. Dess filnamn \u00e4r Lady-170213-1024x948.jpg\"\/><\/figure>\n\n\n\n<figure class=\"wp-block-image\"><img decoding=\"async\" src=\"http:\/\/www.gjutarenafve.com\/wp-content\/uploads\/2019\/09\/Dexter-170213-1024x800.jpg\" alt=\"Denna bild har ett alt-attribut som \u00e4r tomt. Dess filnamn \u00e4r Dexter-170213-1024x800.jpg\"\/><\/figure>\n\n\n\n<p>29 augusti<\/p>\n\n\n\n<p>H\u00e4lsan avsev\u00e4rt b\u00e4ttre!!!<\/p>\n\n\n\n<p>Efter sex bra dagar p\u00e5 Rehab Saltsj\u00f6baden, kommer jag att f\u00e5 provbo hemma from l\u00f6rdag f.m. Totalt blir det d\u00e5 tre veckor p\u00e5 sjukhus.<\/p>\n\n\n\n<p>Aldrig mer vill jag operera s\u00e5dana h\u00e4r historier igen!!! Det h\u00e4r har varit det tuffaste jag g\u00e5tt igenom i livet (lite ungef\u00e4r som att vinna ett Fotrally\/Maratonmarschen&#x1f601;&#x1f601;&#x1f601;)<\/p>\n\n\n\n<p>Nu ser jag fram\u00e5t och kommer g\u00f6ra allt f\u00f6r att inte f\u00e5 n\u00e5gra st\u00f6rre bakslag!!!<\/p>\n\n\n\n<p>Tack f\u00f6r all st\u00f6ttning, bes\u00f6k p\u00e5 sjukhuset, positiva kommentarer och telefonsamtal &#x2764;&#x2764;&#x2764;&#x2764;&#x2764;&#x2764;<\/p>\n\n\n\n<p>Hoppas ingen d\u00e4rute beh\u00f6ver g\u00e5 igenom en bukspottk\u00f6rteloperation!!!!<\/p>\n\n\n\n<p>Vikten har g\u00e5tt ner massor med kilo och nu \u00e4r jag nere p\u00e5 tv\u00e5siffrigt!&nbsp;<\/p>\n\n\n\n<figure class=\"wp-block-image\"><img decoding=\"async\" src=\"http:\/\/www.gjutarenafve.com\/wp-content\/uploads\/2019\/09\/Vikt-99-kg.jpg\" alt=\"Denna bild har ett alt-attribut som \u00e4r tomt. Dess filnamn \u00e4r Vikt-99-kg.jpg\"\/><\/figure>\n\n\n\n<p>4 september 2019<\/p>\n\n\n\n<p>\u00c4ntligen m\u00e4nniska!<\/p>\n\n\n\n<p>3.5 vecka inom sjukv\u00e5rden g\u00f6r en v\u00e4ldigt \u00f6dmjuk! Hade en tuff period fredag-s\u00f6ndag kv\u00e4ll med skyh\u00f6ga infektionsv\u00e4rden och jag tappade d\u00e5 all vilja&#8230; men allt v\u00e4nde ig\u00e5r. Idag \u00e5kte jag in p\u00e5 KS i Huddinge f\u00f6r ny datortomografi och o\u00e4ndliga blodprov.<\/p>\n\n\n\n<p>Resultat: infektionsv\u00e4rdet ligger nu b\u00e4ttre till och jag m\u00e5r s\u00e5 bra man kan just nu. De hittade en 12\u00d72 cm l\u00e5ng inkapslad vattenbl\u00e5sa, som f\u00e5tt plats djupt ner d\u00e4r stora delar av den tidigare bukspottk\u00f6rteln suttit. Allt \u00e4r just nu under kontroll och allt kommer bli b\u00e4ttre.<\/p>\n\n\n\n<p>Nu \u00e4r jag hemma och kommer f\u00e5 hemsjukv\u00e5rd samt hemhj\u00e4lp ett tag fram\u00f6ver!<\/p>\n\n\n\n<p>Mina katter \u00e4r lugna, men det beror ocks\u00e5 p\u00e5 den fantastiska kattvakt som bott i mitt hus under hela den h\u00e4r perioden. Kattvakten \u00e4r bel\u00f6nad och jag kan slippa all stress i kroppen.<\/p>\n\n\n\n<p>8 september 2019<\/p>\n\n\n\n<p>Nu b\u00f6rjar kraften \u00e5terkomma och jag f\u00e5r verkligen ber\u00f6mma Hemtj\u00e4nsten i Tullinge. Dom \u00e4r s\u00e5 fantastiska!<\/p>\n\n\n\n<p>Nyss kom en &#8221;hemtj\u00e4nstare&#8221; och lagade mat till mig samt diskade och st\u00e4llde fr\u00e5gor om hur livet var!<\/p>\n\n\n\n<p>Nu funkar livet p\u00e5 ett bra s\u00e4tt, men det tar ett tag innan jag kan g\u00f6ra saker sj\u00e4lv. Har provat att g\u00e5 600 meter idag, med katterna i sl\u00e4pt\u00e5g! H\u00e4rligt att livet b\u00f6rjar komma tillbaka, framf\u00f6rallt att jag har f\u00e5tt tillbaka smakl\u00f6karna till viss del, livsgl\u00e4djen samt basr\u00f6sten&#8230;<\/p>\n\n\n\n<p>Under de f\u00f6rsta tv\u00e5 veckorna p\u00e5 Karolinska i Huddinge, var jag beredd p\u00e5 att ge upp flera g\u00e5nger, men d\u00e5 hade jag bra samtal med sjukv\u00e5rdspersonalen som fick mig p\u00e5 b\u00e4ttre tankar.<\/p>\n\n\n\n<p>Det v\u00e4rsta var att jag i drygt 1,5 vecka l\u00e4ckte blod&#8230; och d\u00e5 var min mentala status n\u00e4stan nere i botten, jag undrade hur allt skulle bli och misstr\u00f6stade \u00f6ver att beh\u00f6va genomg\u00e5 kirurgi igen, f\u00f6r att f\u00e5 stopp p\u00e5 blodl\u00e4ckaget. Jag hade tur, l\u00e4ckaget stoppade av sig sj\u00e4lv, men det var m\u00e5nga depressiva samtal med l\u00e4karna&#8230;<\/p>\n\n\n\n<figure class=\"wp-block-image\"><img decoding=\"async\" src=\"http:\/\/www.gjutarenafve.com\/wp-content\/uploads\/2012\/03\/311052_10150441397784384_601734383_10459847_1024407833_n2.jpg\" alt=\"Denna bild har ett alt-attribut som \u00e4r tomt. Dess filnamn \u00e4r 311052_10150441397784384_601734383_10459847_1024407833_n2.jpg\"\/><\/figure>\n\n\n\n<p>Fotograf: <a href=\"https:\/\/www.facebook.com\/mickey.thornblad?__tn__=K-R&amp;eid=ARDGIZyufkGj23ujS87zg8YCpFbKo-SfhYk4sMfMwCqYyTOajT_nFjaTWacT1HQBvjw_5-y5cFksApSz&amp;fref=mentions&amp;__xts__%5B0%5D=68.ARCsmta9j1oiBLYl1muxzsSlZTyXnQhPyi2dWXDFHH2WckTJiss0UUVxiXi3yDJdBzGUjXa6iZZ2UN8El3KgcwsSBbuLjJj3Jbs0cUw4a9L0dNaGe30F7paqNJlTbtJBTqieTCuOfl9uWYsP9EyWN-c4jqCoiw1OHS9nwVKFWYEGhN7hGB9qcArX4QwEiEWcj-4vZwIzX6frM-Zgn74s2U6GMwzWSlBKk8veG3nT8gECYt52xzBLB5Q-9_rVV375eLtn\">Mickey Th\u00f6rnblad<\/a><\/p>\n\n\n\n<p>11 september 2019<\/p>\n\n\n\n<p>N\u00e4r man inte \u00e4r helt frisk \u00e4r det sk\u00f6nt att nu se att hemtj\u00e4nsten fungerar mycket bra!<\/p>\n\n\n\n<p>Idag st\u00e4dar de hela huset, v\u00e5ttorkar golven och diskar m.m.<\/p>\n\n\n\n<p>Fantastiskt \u00e4r det enda jag kan s\u00e4ga!!!<\/p>\n\n\n\n<figure class=\"wp-block-image\"><img decoding=\"async\" src=\"http:\/\/www.gjutarenafve.com\/wp-content\/uploads\/2012\/03\/07_59_j\u0161tte-1401-e1332356523692-601x1024.jpg\" alt=\"Denna bild har ett alt-attribut som \u00e4r tomt. Dess filnamn \u00e4r 07_59_j\u0161tte-1401-e1332356523692-601x1024.jpg\"\/><\/figure>\n\n\n\n<p>Ps. Bilden \u00e4r fr\u00e5n 2007, Canal Digital reklam! D\u00e5 hade jag fullt utvecklad akromegali och lika mycket h\u00e5r p\u00e5 kroppen som vissa djur i skogen. I sj\u00e4lva TV-reklamen skulle jag \u00e4ven trampa ihj\u00e4l barn&#8230; som skulle titta p\u00e5 TV&#x1f923;<\/p>\n\n\n\n<p>Den 1 november 2019 \u00e4r det utlyst en upplysningsdag f\u00f6r diagnosen Akromgali.&nbsp;<\/p>\n\n\n\n<p>2019 Acromegaly Awareness Day<\/p>\n\n\n\n<p>When: November 1st<\/p>\n\n\n\n<p>Each year, we celebrate International Acromegaly Awareness.<br>We are working on building awareness for Acromegaly in the hope of an earlier diagnosis. The average number of years it takes to receive a diagnosis is 10 years.<\/p>\n\n\n\n<p>By the time we get diagnosed, Acromegaly has already caused havoc on our bodies and emotions. By increasing awareness, we hope to decrease the time of diagnosis and improve quality of life.<\/p>\n\n\n\n<figure class=\"wp-block-embed\"><div class=\"wp-block-embed__wrapper\">\nhttps:\/\/acromegalycommunity.org\/\n<\/div><\/figure>\n\n\n\n<p>12 Maj 2020<\/p>\n\n\n\n<p>Samtalade med min \u00f6verl\u00e4kare p\u00e5 Karolinska, via telefon (pga Coronatiderna).&nbsp;<\/p>\n\n\n\n<p>Mitt IGF-1 v\u00e4rde \u00e4r nu 213 (precis \u00f6ver normalf\u00f6rdelade v\u00e4rdena 56-201). F\u00f6r 3 m\u00e5nader sedan l\u00e5g v\u00e4rdet p\u00e5 241 och det var h\u00f6gt, men har g\u00e5tt ner av n\u00e5gon orsak. Jag forts\u00e4tter med Somatuline Autogel 90 mg.&nbsp;<\/p>\n\n\n\n<p>IG (tillv\u00e4xthormonet) \u00e4r p\u00e5 0.7 ( helt ok och skall vara under 1.0)<\/p>\n\n\n\n<p>Blodv\u00e4rdet \u00e4r b\u00e4ttre och ligger p\u00e5 138 ( i november l\u00e5g det p\u00e5 105)<\/p>\n\n\n\n<p>Gallv\u00e4rdet l\u00e5gt tyv\u00e4rr h\u00f6gre, 2.4 (\u00f6vre gr\u00e4nsen \u00e4r 1.9), och vad det kan betyda f\u00e5r jag h\u00f6ra med \u00f6verl\u00e4karna p\u00e5 \u00d6vre buk, som opererat mig f\u00f6r bukspottk\u00f6rteln den 12 augusti. I September 2019 var v\u00e4rdet 6.2 vilket var v\u00e4ldigt h\u00f6gt! V\u00e4rdet \u00e4r fortfarande lite h\u00f6gt, men stabilt. Eventuellt kan medicin g\u00f6ra v\u00e4rdet h\u00f6gre, men inget vet.<\/p>\n\n\n\n<p>PSA ligger nu p\u00e5 3.3 (i november 2.4), d\u00e4r f\u00e5r vi h\u00f6ra med \u00f6verl\u00e4karna inom urologsidan vad som kan vara orsaken.<\/p>\n\n\n\n<p>Levern \u00e4r bra och visar ingen p\u00e5verkan fr\u00e5n n\u00e5got h\u00e5ll, vilket \u00e4r utm\u00e4rkt info, efter bukspottk\u00f6rteloperationen i augusti. V\u00e4rdet har g\u00e5tt upp och ner&#8230; vilket orsakat lite tankebekymmer tidigare.&nbsp;&nbsp;<\/p>\n\n\n\n<p>Vita blodkropparna \u00e4r nu helt normala, vilket pekar p\u00e5 att jag inte har n\u00e5gon inflammation i kroppen. Till saken h\u00f6r att jag sedan drygt en m\u00e5nad tillbaka k\u00f6r en egen blandad h\u00e4lsodryck varje morgon (Gurkmeja, MSM, D-vitamin, 2.000 mg C-vitamin samt sura aprikosk\u00e4rnor).&nbsp;<\/p>\n\n\n\n<p>K\u00c4NDA SK\u00c5DESPELARE MED AKROMEGALI:<\/p>\n\n\n\n<p><strong>RICHARD KIEL<\/strong><\/p>\n\n\n\n<p><a href=\"http:\/\/sv.wikipedia.org\/wiki\/Hajen_(James_Bond)\">Jaws<\/a><a href=\"http:\/\/sv.wikipedia.org\/wiki\/Hajen_(James_Bond)\">&nbsp;(Hajen)<\/a>&nbsp;i Bondfilmerna&nbsp;(<a href=\"http:\/\/sv.wikipedia.org\/wiki\/%C3%84lskade_spion\">\u00c4lskade spion<\/a>&nbsp;&#8211;<a href=\"http:\/\/sv.wikipedia.org\/wiki\/Film%C3%A5ret_1977\">77<\/a>&nbsp;&amp;&nbsp;<a href=\"http:\/\/sv.wikipedia.org\/wiki\/Moonraker\">Moonraker<\/a>&nbsp;&#8211;<a href=\"http:\/\/sv.wikipedia.org\/wiki\/Film%C3%A5ret_1979\">79<\/a>) var en av n\u00e5gra k\u00e4nda ansikten som hade akromegali. Under sina tv\u00e5 Bondfilmer har Richard Kiel endast en replik sammanlagt. Hans karakt\u00e4r \u00e4r av den gr\u00f6vre skolan.<\/p>\n\n\n\n<figure class=\"wp-block-image\"><img decoding=\"async\" src=\"http:\/\/www.gjutarenafve.com\/wp-content\/uploads\/2013\/02\/21-142x170.jpg\" alt=\"21\" class=\"wp-image-1027\"\/><\/figure>\n\n\n\n<figure class=\"wp-block-image\"><img decoding=\"async\" src=\"http:\/\/www.gjutarenafve.com\/wp-content\/uploads\/2013\/02\/22-170x96.jpg\" alt=\"22\" class=\"wp-image-1028\"\/><\/figure>\n\n\n\n<p><strong>RONDO HATTON<\/strong><\/p>\n\n\n\n<p>En annan k\u00e4nd sk\u00e5despelare fr\u00e5n filmens yngre \u00e5lder \u00e4r&nbsp;<strong>Rondo Hatton<\/strong>&nbsp;(f\u00f6ddes 1894 och dog 1946 av hj\u00e4rtstopp). Han diagnostiserades f\u00f6r akromegali sent i livet. D\u00e4rav att han f\u00f6rmodligen dog utan st\u00f6rre hj\u00e4lp, vid 52 \u00e5rs \u00e5lder.<\/p>\n\n\n\n<p>Rondo Hattons insats i filmerna handlade ofta om att strypa folk n\u00e4r de minst anade faran. Filmer som &#8221;The Brute Man&#8221; (1946) och &#8221;In the old Chigago&#8221; (1938) visar hans fr\u00e4msta sk\u00e5despelarinsatser. Hans h\u00e4nder och ansikte var st\u00e4ndigt i fokus och han kunde skr\u00e4mma slag p\u00e5 folk \u00e4ven p\u00e5 avst\u00e5nd. Akromegalin syns definitivt p\u00e5 haka, \u00f6ron, n\u00e4sa och h\u00e4nder.<\/p>\n\n\n\n<figure class=\"wp-block-image\"><img decoding=\"async\" src=\"http:\/\/www.gjutarenafve.com\/wp-content\/uploads\/2013\/02\/23-170x139.jpg\" alt=\"23\" class=\"wp-image-1029\"\/><\/figure>\n\n\n\n<figure class=\"wp-block-image\"><img decoding=\"async\" src=\"http:\/\/www.gjutarenafve.com\/wp-content\/uploads\/2013\/02\/25-170x127.jpg\" alt=\"25\" class=\"wp-image-1030\"\/><\/figure>\n\n\n\n<figure class=\"wp-block-image\"><img decoding=\"async\" src=\"http:\/\/www.gjutarenafve.com\/wp-content\/uploads\/2013\/02\/26-133x170.jpg\" alt=\"26\" class=\"wp-image-1031\"\/><\/figure>\n\n\n\n<figure class=\"wp-block-image\"><img decoding=\"async\" src=\"http:\/\/www.gjutarenafve.com\/wp-content\/uploads\/2013\/02\/27-136x170.jpg\" alt=\"27\" class=\"wp-image-1032\"\/><\/figure>\n\n\n\n<p>Sedan s\u00e5 kan du se nedanst\u00e5ende sk\u00e5despelare i &#8221;The Fish&#8221;&#8230;<\/p>\n\n\n\n<p>MATTHEW McGRORY<\/p>\n\n\n\n<p>Denna sk\u00e5despelare blev bara 32 \u00e5r gammal.&nbsp;<strong>Matthew McGrory<\/strong>, f\u00f6dd&nbsp;<a href=\"http:\/\/sv.wikipedia.org\/wiki\/17_maj\">17 maj<\/a>&nbsp;<a href=\"http:\/\/sv.wikipedia.org\/wiki\/1973\">1973<\/a>&nbsp;i&nbsp;<a href=\"http:\/\/sv.wikipedia.org\/wiki\/West_Chester\">West Chester<\/a>,&nbsp;<a href=\"http:\/\/sv.wikipedia.org\/wiki\/Pennsylvania\">Pennsylvania<\/a>,&nbsp;<a href=\"http:\/\/sv.wikipedia.org\/wiki\/USA\">USA<\/a>, d\u00f6d&nbsp;<a href=\"http:\/\/sv.wikipedia.org\/wiki\/9_augusti\">9 augusti<\/a>&nbsp;<a href=\"http:\/\/sv.wikipedia.org\/wiki\/2005\">2005<\/a>&nbsp;i&nbsp;<a href=\"http:\/\/sv.wikipedia.org\/wiki\/Los_Angeles\">Los Angeles<\/a>, USA,&nbsp;<a href=\"http:\/\/sv.wikipedia.org\/wiki\/Amerikansk\">amerikansk<\/a>&nbsp;<a href=\"http:\/\/sv.wikipedia.org\/wiki\/Sk%C3%A5despelare\">sk\u00e5despelare<\/a>, som ofta fick spela j\u00e4tte, p\u00e5 grund av sin l\u00e4ngd, 2,29 meter.<\/p>\n\n\n\n<figure class=\"wp-block-image\"><img decoding=\"async\" src=\"http:\/\/www.gjutarenafve.com\/wp-content\/uploads\/2013\/02\/29-117x170.jpg\" alt=\"29\" class=\"wp-image-1033\"\/><\/figure>\n\n\n\n<figure class=\"wp-block-image\"><img decoding=\"async\" src=\"http:\/\/www.gjutarenafve.com\/wp-content\/uploads\/2013\/02\/30-120x170.jpg\" alt=\"30\" class=\"wp-image-1034\"\/><\/figure>\n\n\n\n<figure class=\"wp-block-image\"><img decoding=\"async\" src=\"http:\/\/www.gjutarenafve.com\/wp-content\/uploads\/2013\/02\/31-170x113.jpg\" alt=\"31\" class=\"wp-image-1035\"\/><\/figure>\n\n\n\n<figure class=\"wp-block-image\"><img decoding=\"async\" src=\"http:\/\/www.gjutarenafve.com\/wp-content\/uploads\/2013\/02\/32-135x170.jpg\" alt=\"32\" class=\"wp-image-1036\"\/><\/figure>\n\n\n\n<p>CAREL STRUYCKEN<\/p>\n\n\n\n<p>Han brukade spela j\u00e4tte i Twin Peaks, Mr Homn i Star Trek och framf\u00f6rallt det jag minns allra b\u00e4st, som LURCH i Familjen Addams. Carel fick ofta spela komiska roller med sin l\u00e4ngd som en avg\u00f6rande faktor. 2 meter och 13 centimeter h\u00f6ll han, eftesom han hade f\u00e5tt akromegali i sina yngre \u00e5r.<\/p>\n\n\n\n<p>T\u00e4nkv\u00e4rt \u00e4r det han skriver i sin bigrafi p\u00e5 Imdb: &#8221;I actually enjoy playing monsters and that kind of thing. Actually, I don&#8217;t think I&#8217;m very well-suited to play &#8221;scary&#8221; characters. Now and then, someone will try to use me as a heavy &#8212; a Mafia guy or something like that &#8212; but I don&#8217;t think that&#8217;s where I&#8217;m at my best. Most mob characters can just stand there and be terribly intimidating, but I&#8217;m not intimidating when I&#8217;m not allowed to do anything. Still, I&#8217;m glad I&#8217;ll never be typecast as a regular, everyday sort of person. It&#8217;s difficult to stay in character when you don&#8217;t have the feedback of your own voice. (on playing non-speaking roles) It was kind of tough because at that age you&#8217;re not aware of your tallness. I&#8217;m still not, really. Many times people would react to the fact that I looked different and I would think that there was something wrong with me &#8212; that maybe one of my shirt buttons was undone or something. It took 20 or 30 years to get used to it.&#8221;&nbsp;<a href=\"http:\/\/www.imdb.com\/name\/nm0835393\/?ref_=nmbio_bio_nm\">http:\/\/www.imdb.com\/name\/nm0835393\/?ref_=nmbio_bio_nm<\/a><\/p>\n\n\n\n<figure class=\"wp-block-image\"><img decoding=\"async\" src=\"http:\/\/www.gjutarenafve.com\/wp-content\/uploads\/2013\/02\/Carel_Struycken-126x170.jpg\" alt=\"\" class=\"wp-image-1960\"\/><\/figure>\n\n\n\n<figure class=\"wp-block-image\"><img decoding=\"async\" src=\"http:\/\/www.gjutarenafve.com\/wp-content\/uploads\/2013\/02\/MV5BNjhlMzFiMzYtNzEyNi00MjhhLWEyY2YtMTY4Yjc2ZDY3MzQ5XkEyXkFqcGdeQXVyNjc5Mjg0NjU@._V1_-170x113.jpg\" alt=\"\" class=\"wp-image-1963\"\/><\/figure>\n\n\n\n<figure class=\"wp-block-image\"><img decoding=\"async\" src=\"http:\/\/www.gjutarenafve.com\/wp-content\/uploads\/2013\/02\/Carel-170x113.jpg\" alt=\"\" class=\"wp-image-1962\"\/><\/figure>\n\n\n\n<p>Mina senaste filmuppdrag:<\/p>\n","protected":false},"excerpt":{"rendered":"<p>AKROMEGALITUM\u00d6R (GIGANTISM) \/ TUM\u00d6R I HYPOFYSEN (2011, 47 \u00e5r gammal &#8211; H\u00e5riga Mannen i Waterw\u00f6rld f\u00f6r TV6) 1993 fick jag f\u00f6r f\u00f6rsta g\u00e5ngen problem med att skorna inte passade, efter att ha satt undan skorna under en m\u00e5nads milit\u00e4r fortbildning. Min klackring som jag haft i m\u00e5nga \u00e5r satt ordentligt fast och jag fick n\u00e4stan [&hellip;]<\/p>\n","protected":false},"author":1,"featured_media":0,"parent":0,"menu_order":0,"comment_status":"closed","ping_status":"closed","template":"","meta":{"footnotes":""},"class_list":["post-737","page","type-page","status-publish","hentry"],"_links":{"self":[{"href":"https:\/\/www.argamannen.se\/index.php?rest_route=\/wp\/v2\/pages\/737","targetHints":{"allow":["GET"]}}],"collection":[{"href":"https:\/\/www.argamannen.se\/index.php?rest_route=\/wp\/v2\/pages"}],"about":[{"href":"https:\/\/www.argamannen.se\/index.php?rest_route=\/wp\/v2\/types\/page"}],"author":[{"embeddable":true,"href":"https:\/\/www.argamannen.se\/index.php?rest_route=\/wp\/v2\/users\/1"}],"replies":[{"embeddable":true,"href":"https:\/\/www.argamannen.se\/index.php?rest_route=%2Fwp%2Fv2%2Fcomments&post=737"}],"version-history":[{"count":2,"href":"https:\/\/www.argamannen.se\/index.php?rest_route=\/wp\/v2\/pages\/737\/revisions"}],"predecessor-version":[{"id":740,"href":"https:\/\/www.argamannen.se\/index.php?rest_route=\/wp\/v2\/pages\/737\/revisions\/740"}],"wp:attachment":[{"href":"https:\/\/www.argamannen.se\/index.php?rest_route=%2Fwp%2Fv2%2Fmedia&parent=737"}],"curies":[{"name":"wp","href":"https:\/\/api.w.org\/{rel}","templated":true}]}}