{"id":173,"date":"2014-08-07T12:07:01","date_gmt":"2014-08-07T12:07:01","guid":{"rendered":"http:\/\/www.argamannen.se\/?page_id=173"},"modified":"2021-05-22T07:30:43","modified_gmt":"2021-05-22T07:30:43","slug":"medietraning","status":"publish","type":"page","link":"https:\/\/www.argamannen.se\/?page_id=173","title":{"rendered":"Mediatr\u00e4ning"},"content":{"rendered":"\n<p>Under ett antal \u00e5r har jag agerat som Konferencier, Speaker samt <em>Intervju- och Mediatr\u00e4nare<\/em> inf\u00f6r publik. <strong>Numera k\u00f6r jag \u00e4ven utbildningar med mediatr\u00e4ningar via Zoom<\/strong>.<\/p>\n\n\n\n<p>Fram till april 2021 har jag haft n\u00f6jet att mediatr\u00e4na mer \u00e4n <strong>500 offentliga personer<\/strong>. Journalister, Sk\u00e5despelare, F\u00f6rfattare och alla former av personligheter som offentligt tagit kliv in i rampljuset.<\/p>\n\n\n\n<p>Alla kunder som erh\u00e5ller mediatr\u00e4ning via mig, f\u00e5r ett kursintyg efter genomf\u00f6rd utbildning. S\u00e5 h\u00e4r ser kursintyget  f\u00f6r Sk\u00e5despelaren Thore Flygel ut: <\/p>\n\n\n\n<figure class=\"wp-block-image size-large\"><img fetchpriority=\"high\" decoding=\"async\" width=\"1024\" height=\"711\" src=\"https:\/\/www.argamannen.se\/wp-content\/uploads\/2021\/04\/Thore-Flygel-1024x711.jpg\" alt=\"\" class=\"wp-image-806\" srcset=\"https:\/\/www.argamannen.se\/wp-content\/uploads\/2021\/04\/Thore-Flygel-1024x711.jpg 1024w, https:\/\/www.argamannen.se\/wp-content\/uploads\/2021\/04\/Thore-Flygel-300x208.jpg 300w, https:\/\/www.argamannen.se\/wp-content\/uploads\/2021\/04\/Thore-Flygel-768x533.jpg 768w, https:\/\/www.argamannen.se\/wp-content\/uploads\/2021\/04\/Thore-Flygel-1536x1067.jpg 1536w, https:\/\/www.argamannen.se\/wp-content\/uploads\/2021\/04\/Thore-Flygel-2048x1422.jpg 2048w\" sizes=\"(max-width: 1024px) 100vw, 1024px\" \/><\/figure>\n\n\n\n<p>P\u00e5 m\u00e4ssor och forum intervjuar jag olika offentliga f\u00f6retr\u00e4dare f\u00f6r olika uppdragsgivare. H\u00e4r \u00e4r en intervju med Bostadsministern Peter Eriksson (Bostadsforum i Stockholm 2018)<\/p>\n\n\n\n<figure class=\"wp-block-embed is-type-video is-provider-vimeo wp-block-embed-vimeo wp-embed-aspect-16-9 wp-has-aspect-ratio\"><div class=\"wp-block-embed__wrapper\">\n<iframe title=\"Bostadsforum mars 2018 l\u00e5ng film 180328\" src=\"https:\/\/player.vimeo.com\/video\/262205499?dnt=1&amp;app_id=122963\" width=\"600\" height=\"338\" frameborder=\"0\" allow=\"autoplay; fullscreen; picture-in-picture; clipboard-write\"><\/iframe>\n<\/div><\/figure>\n\n\n\n<p><a href=\"https:\/\/vimeo.com\/262205499\">Intervju med Bostadsminister Peter Eriksson<\/a><\/p>\n\n\n\n<p>Zoom utbildningarna sker via one to one. Vi genomf\u00f6r utbildningen p\u00e5 ca 30-40 minuter per person. P\u00e5 s\u00e5 s\u00e4tt sparar vi restid och kan genomf\u00f6ra utbildningarna s\u00e5som en TV-intervju via l\u00e4nk. Ett kul moment! <\/p>\n\n\n\n<figure class=\"wp-block-image size-large\"><img decoding=\"async\" src=\"http:\/\/www.gjutarenafve.com\/wp-content\/uploads\/2020\/11\/Bild-Zoom-Mediatraning-20201120-1024x628.jpg\" alt=\"\" class=\"wp-image-2389\"\/><\/figure>\n\n\n\n<p>Mediatr\u00e4ningen syftar till att st\u00e4rka dig som offentlig person i kontakten med journalister och reportrar fr\u00e5n Tidningar, Torgm\u00f6ten, Radio och TV.<\/p>\n\n\n\n<p>N\u00e4r jag undervisar sker detta under absolut sekretess, f\u00f6r f\u00f6retagare, offentliga personer samt politiker. De personer som gett sitt medgivande till offentlighet presenteras efterhand. <\/p>\n\n\n\n<p>Utbildning sker p\u00e5 plats som Ni best\u00e4mmer.<\/p>\n\n\n\n<p>Journalisten Pasi Hyyrynen, genomgick i mars 2021 en mediatr\u00e4ning \u00f6ver Zoom. <\/p>\n\n\n\n<figure class=\"wp-block-image size-large\"><img decoding=\"async\" width=\"1024\" height=\"703\" src=\"https:\/\/www.argamannen.se\/wp-content\/uploads\/2021\/04\/Pasi-Hyrrynen-1024x703.jpg\" alt=\"\" class=\"wp-image-808\" srcset=\"https:\/\/www.argamannen.se\/wp-content\/uploads\/2021\/04\/Pasi-Hyrrynen-1024x703.jpg 1024w, https:\/\/www.argamannen.se\/wp-content\/uploads\/2021\/04\/Pasi-Hyrrynen-300x206.jpg 300w, https:\/\/www.argamannen.se\/wp-content\/uploads\/2021\/04\/Pasi-Hyrrynen-768x528.jpg 768w, https:\/\/www.argamannen.se\/wp-content\/uploads\/2021\/04\/Pasi-Hyrrynen-1536x1055.jpg 1536w, https:\/\/www.argamannen.se\/wp-content\/uploads\/2021\/04\/Pasi-Hyrrynen-2048x1407.jpg 2048w\" sizes=\"(max-width: 1024px) 100vw, 1024px\" \/><\/figure>\n\n\n\n<figure class=\"wp-block-embed is-type-video is-provider-youtube wp-block-embed-youtube wp-embed-aspect-16-9 wp-has-aspect-ratio\"><div class=\"wp-block-embed__wrapper\">\nhttps:\/\/www.youtube.com\/watch?v=Be1uN-gTVJs\n<\/div><figcaption>N\u00e4r mediadrev misslyckas, d\u00e4r kravst\u00e4llare f\u00f6rs\u00f6ker tillr\u00e4ttavisa en ledarskribent (Daniel Sanchez den 19 mars 2021). Vad vill de h\u00f6ga f\u00f6retr\u00e4darna med detta m\u00f6te och \u00e4r de f\u00f6rberedda? H\u00e4rskarteknik, Sexism och Machokultur \u2013 vad \u00e4r Fakta, Statistik och Svar?<br><\/figcaption><\/figure>\n\n\n\n<figure class=\"wp-block-embed is-type-video is-provider-youtube wp-block-embed-youtube wp-embed-aspect-16-9 wp-has-aspect-ratio\"><div class=\"wp-block-embed__wrapper\">\n<iframe title=\"Jimmie \u00c5kesson (SD) s\u00e4tter \u00c5sa Romson (MP) p\u00e5 plats\" width=\"600\" height=\"338\" src=\"https:\/\/www.youtube.com\/embed\/rjand84BBKM?feature=oembed\" frameborder=\"0\" allow=\"accelerometer; autoplay; clipboard-write; encrypted-media; gyroscope; picture-in-picture; web-share\" referrerpolicy=\"strict-origin-when-cross-origin\" allowfullscreen><\/iframe>\n<\/div><figcaption>Hur d\u00f6dar man en debatt p\u00e5 mindre \u00e4n 1 minut?<\/figcaption><\/figure>\n\n\n\n<p>UTBILDNINGSMETOD<\/p>\n\n\n\n<p>Intervju- och mediatr\u00e4ning, sker i storgrupp eller s\u00e5som personlig r\u00e5dgivning \/ coachning. <strong>Numera k\u00f6r jag \u00e4ven utbildningar via Zoom<\/strong>.<\/p>\n\n\n\n<p>Varje utbildningsblock i grupp, inneh\u00e5ller moment f\u00f6r 3-5 h per arbetspass. Via Zoom, tar vi ist\u00e4llet en personlig utbildning p\u00e5 mellan 30 &#8211; 45 minuter. <\/p>\n\n\n\n<figure class=\"wp-block-embed is-type-video is-provider-youtube wp-block-embed-youtube wp-embed-aspect-4-3 wp-has-aspect-ratio\"><div class=\"wp-block-embed__wrapper\">\n<iframe title=\"Juholt l\u00e4xar upp G\u00f6ran H\u00e4gglund\" width=\"600\" height=\"450\" src=\"https:\/\/www.youtube.com\/embed\/Ohjy2JnQfkI?start=12&#038;feature=oembed\" frameborder=\"0\" allow=\"accelerometer; autoplay; clipboard-write; encrypted-media; gyroscope; picture-in-picture; web-share\" referrerpolicy=\"strict-origin-when-cross-origin\" allowfullscreen><\/iframe>\n<\/div><figcaption>Vad \u00e4r v\u00e4ndningen i denna interpellation?<\/figcaption><\/figure>\n\n\n\n<p>En f.d. kr\u00f6gare med stort kontaktn\u00e4t gick mediatr\u00e4ningskursen via Zoom, i april 2021.<\/p>\n\n\n\n<figure class=\"wp-block-image size-large\"><img decoding=\"async\" width=\"1024\" height=\"692\" src=\"https:\/\/www.argamannen.se\/wp-content\/uploads\/2021\/04\/Hakan-Borg-1024x692.jpg\" alt=\"\" class=\"wp-image-811\" srcset=\"https:\/\/www.argamannen.se\/wp-content\/uploads\/2021\/04\/Hakan-Borg-1024x692.jpg 1024w, https:\/\/www.argamannen.se\/wp-content\/uploads\/2021\/04\/Hakan-Borg-300x203.jpg 300w, https:\/\/www.argamannen.se\/wp-content\/uploads\/2021\/04\/Hakan-Borg-768x519.jpg 768w, https:\/\/www.argamannen.se\/wp-content\/uploads\/2021\/04\/Hakan-Borg-1536x1038.jpg 1536w, https:\/\/www.argamannen.se\/wp-content\/uploads\/2021\/04\/Hakan-Borg-2048x1384.jpg 2048w\" sizes=\"(max-width: 1024px) 100vw, 1024px\" \/><\/figure>\n\n\n\n<p>INNEH\u00c5LL<\/p>\n\n\n\n<p>1. Teorigrunder i medietr\u00e4ning (hur journalister arbetar och vad du b\u00f6r t\u00e4nka p\u00e5)<\/p>\n\n\n\n<p>2. Videogranskning av offentliga personers bra\/d\u00e5liga retoriska grepp alternativt uppseendev\u00e4ckande talekonst i debatter.<\/p>\n\n\n\n<p>3. Retoriska samtal (V\u00e4ndningar vid angrepp, Saklighet, H\u00e4nvisa\/p\u00e5peka, F\u00f6ljdfr\u00e5gor, Hypotetiska fr\u00e5gor, Fokusf\u00f6rflyttning samt Undanglidningar f\u00f6r att slippa svara)<\/p>\n\n\n\n<p>4. Skjutj\u00e4rnsjournalistik. Inriktning p\u00e5 att f\u00f6rsvara sig mot generalangrepp.<\/p>\n\n\n\n<p>5. Debatt-tr\u00e4ning i par, framme p\u00e5 scen. Fokus p\u00e5 kroppsspr\u00e5k och retorik<\/p>\n\n\n\n<p>6. TV-debatt. Storgruppstr\u00e4ning i \u201dstudio\u201d, f\u00f6r att analysera gruppens retorik, utvecklingsm\u00f6jligheter samt gruppens ledarskap.<\/p>\n\n\n\n<p>7. All tr\u00e4ning kan filmas f\u00f6r att ytterligare analyseras privat<br><br>Nedan exemplifierar jag n\u00e5gra interpellationer som vi kan diskutera under utbildningen. Hur ser v\u00e4ndningarna ut? Hur tacklar man sv\u00e5ra situationer i en retorisk h\u00e5rd debatt? Hur \u00e4r ditt kroppsspr\u00e5k och kan du bevara lugnet under hela debatten. Fler fr\u00e5gor \u00e4n s\u00e5 kommer vi att ta upp<\/p>\n\n\n\n<p>Tittar vi tillbaka i tiden hittar vi h\u00e4r ett klassiskt retoriskt klipp om \u00e5lder (Ronald Reagan).<\/p>\n\n\n\n<figure class=\"wp-block-embed is-type-video is-provider-youtube wp-block-embed-youtube wp-embed-aspect-4-3 wp-has-aspect-ratio\"><div class=\"wp-block-embed__wrapper\">\n<iframe title=\"Reagan and the age issue\" width=\"600\" height=\"450\" src=\"https:\/\/www.youtube.com\/embed\/fJhCjMfRndk?feature=oembed\" frameborder=\"0\" allow=\"accelerometer; autoplay; clipboard-write; encrypted-media; gyroscope; picture-in-picture; web-share\" referrerpolicy=\"strict-origin-when-cross-origin\" allowfullscreen><\/iframe>\n<\/div><\/figure>\n\n\n\n<figure class=\"wp-block-embed is-type-video is-provider-youtube wp-block-embed-youtube wp-embed-aspect-16-9 wp-has-aspect-ratio\"><div class=\"wp-block-embed__wrapper\">\n<iframe title=\"Tobias Andersson - kommer Morgan Johansson att svara p\u00e5 ett brev fr\u00e5n Tommie Lindhs far?\" width=\"600\" height=\"338\" src=\"https:\/\/www.youtube.com\/embed\/4cyVwQn_XEM?feature=oembed\" frameborder=\"0\" allow=\"accelerometer; autoplay; clipboard-write; encrypted-media; gyroscope; picture-in-picture; web-share\" referrerpolicy=\"strict-origin-when-cross-origin\" allowfullscreen><\/iframe>\n<\/div><figcaption>Tobias Andersson tar en lapp ur rockfickan och d\u00f6dar debatten<\/figcaption><\/figure>\n\n\n\n<figure class=\"wp-block-embed is-type-video is-provider-youtube wp-block-embed-youtube wp-embed-aspect-4-3 wp-has-aspect-ratio\"><div class=\"wp-block-embed__wrapper\">\n<iframe title=\"H\u00e4tskt replikskifte mellan Fredrik Reinfeldt (M) och Mikael Damberg (S)\" width=\"600\" height=\"450\" src=\"https:\/\/www.youtube.com\/embed\/_sSdR5nwrWY?feature=oembed\" frameborder=\"0\" allow=\"accelerometer; autoplay; clipboard-write; encrypted-media; gyroscope; picture-in-picture; web-share\" referrerpolicy=\"strict-origin-when-cross-origin\" allowfullscreen><\/iframe>\n<\/div><figcaption>&#8221;H\u00e4r lovas allt till alla&#8221; <\/figcaption><\/figure>\n\n\n\n<p>F\u00f6rfattaren Conny Larsson, genomgick i april 2021 en Zoom mediatr\u00e4ning:<\/p>\n\n\n\n<figure class=\"wp-block-image\"><img decoding=\"async\" src=\"https:\/\/www.argamannen.se\/wp-content\/uploads\/2021\/04\/Conny-Larsson-1024x719.jpg\" alt=\"Denna bild har ett alt-attribut som \u00e4r tomt. Dess filnamn \u00e4r Conny-Larsson-1024x719.jpg\"\/><\/figure>\n\n\n\n<p>Nedan hittar vi en \u201dFokusf\u00f6rlyttning de Luxe\u201d. KD\u00b4s Lars Adaktusson fr\u00e5gar Utrikesminister Ann Linde om hur hon ser p\u00e5 att kristna religi\u00f6sa m\u00e4nniskor d\u00f6das i olika l\u00e4nder och vad som \u00e4r v\u00e4gledande f\u00f6r Svensk utrikespolitik. <\/p>\n\n\n\n<p>Ann Linde svarar p\u00e5 interpellationen genom att \u201dLars Adaktusson inte st\u00e5r upp f\u00f6r kvinnors abortr\u00e4tt\u201d\u2026 Se klippet via originalutg\u00e5van p\u00e5 6 h debatt:&nbsp;<a href=\"https:\/\/www.riksdagen.se\/sv\/webb-tv\/video\/utrikespolitisk-debatt\/utrikespolitisk-debatt_H8C120210224ud\">https:\/\/www.riksdagen.se\/sv\/webb-tv\/video\/utrikespolitisk-debatt\/utrikespolitisk-debatt_H8C120210224ud<\/a>  B\u00f6rja kika fr\u00e5n 3 h 15 min och 10 sek. Kul \u00e4r \u00e4ven att se Ann Lindes avslut p\u00e5 interpellationen d\u00e4r hon l\u00e4mnar talarstolen arrogant utan att p\u00e5 n\u00e5got s\u00e4tt tacka Lars Adaktusson f\u00f6r debatten; 3 h 22 min 20 sek. <\/p>\n\n\n\n<figure class=\"wp-block-image size-large\"><img loading=\"lazy\" decoding=\"async\" width=\"958\" height=\"702\" src=\"https:\/\/www.argamannen.se\/wp-content\/uploads\/2021\/04\/Adaktusson.jpg\" alt=\"\" class=\"wp-image-820\" srcset=\"https:\/\/www.argamannen.se\/wp-content\/uploads\/2021\/04\/Adaktusson.jpg 958w, https:\/\/www.argamannen.se\/wp-content\/uploads\/2021\/04\/Adaktusson-300x220.jpg 300w, https:\/\/www.argamannen.se\/wp-content\/uploads\/2021\/04\/Adaktusson-768x563.jpg 768w\" sizes=\"(max-width: 958px) 100vw, 958px\" \/><\/figure>\n\n\n\n<p>Kortklipp Adaktusson\/Linde, Vimeo, drygt 2 min: <a href=\"https:\/\/vimeo.com\/519029329\">https:\/\/vimeo.com\/519029329<\/a><\/p>\n\n\n\n<p><strong>OMD\u00d6MEN<\/strong><\/p>\n\n\n\n<p>H\u00e4r \u00e4r ca 20 omd\u00f6men d\u00e4r Ni kan l\u00e4sa om effekterna av bara en timmers utbildning, d\u00e4r deltagarna f\u00f6rst f\u00e5tt instuderingsmateriel och d\u00e4refter k\u00f6rt h\u00e5rt med mig under 60 minuter, face to face, via en av apparna Zoom eller Teams<\/p>\n\n\n\n<p>Det enda jag \u00e4r intresserad av \u00e4r att flytta m\u00e4nniskor fram\u00e5t, oavsett vad de har f\u00f6r roll i sin ut\u00e5triktade verksamhet eller inriktning i sitt yrkesliv, mot olika media.<\/p>\n\n\n\n<p><strong>Syftet med Zoom- och Teamsutbildningarna:   <\/strong>  <\/p>\n\n\n\n<div class=\"wp-block-group\"><div class=\"wp-block-group__inner-container is-layout-flow wp-block-group-is-layout-flow\">\n<p>\u2022Du blir skickligare p\u00e5 att presentera dig muntligt<\/p>\n\n\n\n<p>\u2022Du l\u00e4r dig att hantera retorik, journalisters fr\u00e5gor,&nbsp;v\u00e4ndningar samt att avsluta i r\u00e4tt tid!<\/p>\n\n\n\n<p>\u2022Du f\u00e5r snabb feedback p\u00e5 ditt arbete. <\/p>\n\n\n\n<p>\u2022Tids\u00e5tg\u00e5ng max 60 minuter<\/p>\n\n\n\n<p>\u2022Du f\u00e5r instuderingsmateriel som du skall ha arbetat igenom innan vi k\u00f6r Zoom alternativt Teamsutbildningen<\/p>\n\n\n\n<figure class=\"wp-block-image size-large\"><img decoding=\"async\" src=\"http:\/\/www.gjutarenafve.com\/wp-content\/uploads\/2021\/03\/20141218_155148-1024x576.jpg\" alt=\"\" class=\"wp-image-2602\"\/><\/figure>\n\n\n\n<ol class=\"wp-block-list\"><li>Lovisa Rappe &#8211; Sk\u00e5despelare<\/li><\/ol>\n\n\n\n<p>Jag har f\u00e5tt m\u00f6jligheten att l\u00e4ra mig mediatr\u00e4ning med Thomas Gjutaren\u00e4fve via Zoom.<\/p>\n\n\n\n<p>Jag gick fr\u00e5n av vara nerv\u00f6s och vilja st\u00e4lla in till att l\u00e4mna m\u00f6tet med v\u00e4rldens b\u00e4sta sj\u00e4lvf\u00f6rtroende.<\/p>\n\n\n\n<p>Thomas har f\u00f6rm\u00e5gan att p\u00e5 bara 60 minuter formulera relevanta \u00f6vningar, ge konkret och konstruktiv feedback och snabbt observera dina styrkor och svagheter i din retorik p\u00e5 ett s\u00e4tt som g\u00f6r \u00f6vningarna l\u00e4ttare och roligare \u00e4n vad du tror.<\/p>\n\n\n\n<p>Thomas \u00e4r inte alls s\u00e5 arg som han s\u00e4ger sig vara, snarare tv\u00e4rtom, en glad, positiv och st\u00f6ttande coach som ger de r\u00e4tta verktygen f\u00f6r just dig.<\/p>\n\n\n\n<p>Jag kommer definitivt beh\u00f6va Thomas i framtiden och det \u00e4r honom jag kommer att h\u00f6ra av mig till n\u00e4r det \u00e4r dags att tr\u00e4na p\u00e5 retoriken igen!<\/p>\n\n\n\n<p>&#8211;&nbsp;&nbsp;&nbsp;&nbsp;&nbsp;&nbsp; Lovisa Rappe, utbildad medievetare, sk\u00e5despelare och frilansande kulturarbetare<\/p>\n\n\n\n<figure class=\"wp-block-image size-large\"><img decoding=\"async\" src=\"http:\/\/www.gjutarenafve.com\/wp-content\/uploads\/2021\/03\/Kamerabild-Ny-Sony-1024x539.jpg\" alt=\"\" class=\"wp-image-2625\"\/><\/figure>\n<\/div><\/div>\n\n\n\n<p>2. Timothy S R Treville<\/p>\n\n\n\n<p>\u201dJag har idag deltagit i en mediatr\u00e4ning arrangerad av Thomas Gjutaren\u00e4fve.<\/p>\n\n\n\n<p>Tr\u00e4ningen p\u00e5gick under 60 minuter, en v\u00e4lspenderad timma som g\u00e4rna hade f\u00e5tt vara l\u00e4ngre.<\/p>\n\n\n\n<p>Att vara f\u00f6rberedd och p\u00e5l\u00e4st \u00e4r mycket viktigt, likas\u00e5 att vara medveten om att det \u00e4r du, som intervjuas, som leder intervjun och styr dess riktning. Det \u00e4r ditt budskap som ska framf\u00f6ras och redovisas i media. Fakta, statistik och budget, inte f\u00f6rvr\u00e4ngning eller effekts\u00f6keri.<\/p>\n\n\n\n<p>Thomas kunskap och erfarenhet inom media \u00e4r omfattande och jag ser fram mot framtida tillf\u00e4llen att f\u00e5 ta del av hans givande tr\u00e4ningar.&nbsp;<\/p>\n\n\n\n<p>Stort tack Thomas, du har hj\u00e4lpt mig p\u00e5 v\u00e4gen att bli \u00e4nnu b\u00e4ttre p\u00e5 att hantera media och undvika fallgropar.\u201d<\/p>\n\n\n\n<p>Med v\u00e4nlig h\u00e4lsning<\/p>\n\n\n\n<p>Timothy Tr\u00e9ville<\/p>\n\n\n\n<figure class=\"wp-block-image size-large\"><img decoding=\"async\" src=\"http:\/\/www.gjutarenafve.com\/wp-content\/uploads\/2021\/03\/20180512_110707-1024x498.jpg\" alt=\"\" class=\"wp-image-2604\"\/><\/figure>\n\n\n\n<p>3. Angela Bodin<\/p>\n\n\n\n<p>De r\u00e5d, den kritik och det ber\u00f6m jag f\u00e5tt har jag nogsamt tagit till mig.<\/p>\n\n\n\n<p>R\u00e5den kommer att ligga som ett mantra i mitt fortsatta politiska engagemang, de kommer att vara mitt st\u00f6d och min styrka, de kommer att vara min sj\u00e4lvk\u00e4nsla och integritet, min \u00e4n l\u00e4ngre resa ut i sj\u00e4lvf\u00f6rverkligandets o\u00e4ndliga v\u00e4rld.<\/p>\n\n\n\n<p>Jag rekommenderar \u00e5 det starkaste att fler deltar i denna medietr\u00e4ning. Vi har inte r\u00e5d med annat.<\/p>\n\n\n\n<p>Vi ska vara sansade, sakliga och p\u00e5l\u00e4sta och kunna hantera debatter, diskussioner och intervjuer.<\/p>\n\n\n\n<p>Vi ska tr\u00e4na oss till att alltid h\u00f6ja v\u00e5r egen kompetens, att alltid leverera \u00e4nnu ett sn\u00e4pp h\u00f6gre och att ha ryggrad nog att se till att synas och h\u00f6ras.<\/p>\n\n\n\n<p>En av mitt livs mest v\u00e4linvesterade timmar hade jag p\u00e5 denna utbildning.<\/p>\n\n\n\n<p>Jisses. S\u00e5 oerh\u00f6rt nyttigt och givande.<\/p>\n\n\n\n<p>En hel timme egentid, med kritik likt taggtr\u00e5d, ber\u00f6m likt sv\u00e4vande moln och med r\u00e5d som kommer att vara en del av mina r\u00f6tter genom livet. Well done<\/p>\n\n\n\n<p>Tack, Thomas Gjutaren\u00e4fve! Jag ser redan fram emot n\u00e4sta session<\/p>\n\n\n\n<figure class=\"wp-block-image size-large\"><img decoding=\"async\" src=\"http:\/\/www.gjutarenafve.com\/wp-content\/uploads\/2021\/03\/20161027_121506-1024x768.jpg\" alt=\"\" class=\"wp-image-2605\"\/><\/figure>\n\n\n\n<p>4. Thomas Pettersson<\/p>\n\n\n\n<p>F\u00f6r att st\u00f6dja forskningen kring sjukdomen&nbsp; ALS s\u00e5 har man tv\u00e5 kampanjer som g\u00e5r ut&nbsp; p\u00e5 att uts\u00e4tta kroppen och hj\u00e4rnan i ett&nbsp; okontrollerat tillst\u00e5nd! Detta f\u00f6r att man ska f\u00e5 en gnutta av k\u00e4nslan med sjukdomen. Det&nbsp; ena \u00e4r en hel hink med isvatten som h\u00e4lls&nbsp; \u00f6ver huvudet! Den andra \u00e4r att i en tugga \u00e4ta&nbsp; en stark chili . B\u00e5da dessa ger ett&nbsp; okontrollerat tillst\u00e5nd i en ovan kropp och&nbsp; hj\u00e4rna!<\/p>\n\n\n\n<p>Den k\u00e4nslan lyckades du f\u00e5 fram p\u00e5 mig under samtalet! Ett galet sp\u00e4nnande wake&nbsp;up call d\u00e4r du efter samtalet benade ur&nbsp; varenda sak som jag kunde gjort&nbsp; annorlunda.<\/p>\n\n\n\n<p>Denna timme gjorde mig super taggad att&nbsp; l\u00e4ra mig mer om mina dolda talanger som&nbsp; sitter d\u00e4ruppe i skallen, f\u00f6r efter din tr\u00e4ning&nbsp; s\u00e5 t\u00e4nkte jag att varf\u00f6r kr\u00e5nglar jag till det&nbsp; s\u00e5! Ist\u00e4llet f\u00f6r att l\u00e4sa p\u00e5 b\u00e4ttre och stoppa&nbsp; attacken tidigare och ta tillbaka bollen.<\/p>\n\n\n\n<p>&nbsp;S\u00e5 Thomas min v\u00e4n, tackar fr\u00e5n botten av&nbsp; mitt hj\u00e4rta f\u00f6r denna start i mitt nya&nbsp; f\u00f6redragsbeteende<\/p>\n\n\n\n<figure class=\"wp-block-image size-large\"><img decoding=\"async\" src=\"http:\/\/www.gjutarenafve.com\/wp-content\/uploads\/2021\/03\/20150314_125449-1024x576.jpg\" alt=\"\" class=\"wp-image-2606\"\/><\/figure>\n\n\n\n<p>5. Agnetha Lundberg<\/p>\n\n\n\n<p>Har nu pressats under 60 min av Thomas Gjutaren\u00e4fve.<\/p>\n\n\n\n<p>Tack f\u00f6r en otroligt bra och l\u00e4rorik timme. Det g\u00e4ller att vara p\u00e5l\u00e4st och beredd p\u00e5 journalistens f\u00f6rm\u00e5ga att komma bort fr\u00e5n \u00e4mnet.<\/p>\n\n\n\n<p>Fakta, statistik och budget \u00e4r inte mina starka \u00e4mnen, men jag har nu f\u00f6rst\u00e5tt vikten av att vara p\u00e5l\u00e4st n\u00e4r det g\u00e4ller det. Jag har l\u00e4rt mig att man inte m\u00e5ste vara \u201dtill lags\u201d utan att vara tuffare och bryta om det sp\u00e5rar ur.<\/p>\n\n\n\n<p>Jag lovar att jag kommer att ta till mig dina viktiga r\u00e5d och t\u00e4nka p\u00e5 det det du l\u00e4rt mig.<\/p>\n\n\n\n<p>Jag rekommenderar alla att g\u00e5 en kurs hos Thomas f\u00f6r det \u00e4r s\u00e5 otroligt viktigt hur vi beter oss och hur vi framf\u00f6r v\u00e5rt budskap, framf\u00f6rallt f\u00f6r att vinna respekt hos den alltmer m\u00e4rkliga journalistk\u00e5ren.<\/p>\n\n\n\n<p>N\u00e4sta fr\u00e5ga tack! <\/p>\n\n\n\n<figure class=\"wp-block-image size-large\"><img decoding=\"async\" src=\"http:\/\/www.gjutarenafve.com\/wp-content\/uploads\/2021\/03\/IMG_0942-5.jpg\" alt=\"\" class=\"wp-image-2607\"\/><\/figure>\n\n\n\n<p>6.  Bileam Nilsson<\/p>\n\n\n\n<p>Hej!<\/p>\n\n\n\n<p>Jag har hatt den stora f\u00f6rm\u00e5nen att f\u00e5 en timmers mediatr\u00e4ning av Thomas Gjutaren\u00e4ve.&nbsp;<\/p>\n\n\n\n<p>Detta var en stor grej som jag inte kommer att gl\u00f6mma bort under min livstid!<\/p>\n\n\n\n<p>Att med sm\u00e5 f\u00f6r\u00e4ndringar kunna g\u00f6ra s\u00e5 att man uppfattas p\u00e5 ett helt annat s\u00e4tt. &nbsp;<\/p>\n\n\n\n<p>Jag fick tips om hur jag kunde bli en b\u00e4ttre talare! Hur man kunde bli b\u00e4ttre p\u00e5 att g\u00f6ra ett bra intryck i en debatt! Hur man andas f\u00f6r att kunna tala p\u00e5 ett tydligt s\u00e5tt!<\/p>\n\n\n\n<p>Hur stor nytta man kan ha av ett glas vatten!&nbsp;<\/p>\n\n\n\n<p>Denna kunskap som Thomas f\u00f6rmedlade har jag redan haft stor nytta av i mina&nbsp;uppdrag! Tack.<\/p>\n\n\n\n<p>Att bli attackerad va Arga mannen skulle alla f\u00e5 k\u00e4nna p\u00e5! Klara man av att h\u00e5lla huvet kallt och svara p\u00e5 hans fr\u00e5gor utan att f\u00e5 kalla k\u00e5rar p\u00e5 ryggen!!! D\u00e5 klara man av det mesta! MEN D\u00c5 R\u00c4CKER INTE EN TIMME!!!! F\u00f6r att klara av den stressen s\u00e5 f\u00e5r man nog g\u00e5 m\u00e5nga timmars utbildning&nbsp;hos Arga mannen!&nbsp;<\/p>\n\n\n\n<p>Stort TACK f\u00f6r en mycket intressant och l\u00e4rorik timme.<\/p>\n\n\n\n<p>Hoppas att v\u00e5ra v\u00e4gar m\u00f6ts snarast, s\u00e5 man kan f\u00e5 mer kunskap i Mediatr\u00e4ning!!! <\/p>\n\n\n\n<p>MVH Bileam Nilsson<\/p>\n\n\n\n<figure class=\"wp-block-image size-large\"><img decoding=\"async\" src=\"http:\/\/www.gjutarenafve.com\/wp-content\/uploads\/2021\/03\/DSC2650-1024x695.jpg\" alt=\"\" class=\"wp-image-2609\"\/><\/figure>\n\n\n\n<p>7.  Benny Trolle-Hjelm<\/p>\n\n\n\n<p>Nu har jag testat Thomas Gjutaren\u00e4fves digitala lektioner med hj\u00e4lp av Zoom.<\/p>\n\n\n\n<p>Detta gav mig en inblick i att vara mycket p\u00e5l\u00e4st i sitt \u00e4mne n\u00e4r det verkligen blir &#8221;skarpt&#8221; l\u00e4ge n\u00e4r en journalist trycker upp en mikrofon i nyllet p\u00e5 en och st\u00e4ller en massa &#8221;konstiga&#8221; fr\u00e5gor&#8230;<\/p>\n\n\n\n<p>Hur oerh\u00f6rt viktigt det \u00e4r att vara v\u00e4l f\u00f6rberedd inf\u00f6r framtr\u00e4dandet i t.ex. i talarstolen, likas\u00e5 i alla intervjusituationer.<\/p>\n\n\n\n<p>T. Gjutaren\u00e4fve &#8221;grillade&#8221; mig verkligen p\u00e5 r\u00e4tt s\u00e4tt i ett &#8221;skarpt&#8221; l\u00e4ge&#8230;<\/p>\n\n\n\n<p>Thomas ger en effektiv diagnos, ger konkreta r\u00e5d, p\u00e5 vad just jag ska och beh\u00f6ver bli b\u00e4ttre p\u00e5.<\/p>\n\n\n\n<p>En kort men intensiv lektion, v\u00e4l v\u00e4rd sitt pris vill jag lova&#8230;<\/p>\n\n\n\n<p>T. Gjutaren\u00e4fve, \u00e4r en mycket god pedagog, kan m\u00f6ta upp personen p\u00e5 det plan som man kan k\u00e4nna sig bekv\u00e4m och trygg med.<\/p>\n\n\n\n<p>Thomas har stort kunnande i alla sakfr\u00e5gor och bara det k\u00e4nns ju tryggt i utbildningssyfte.<\/p>\n\n\n\n<p>Thomas \u00e4r inte &#8221;Den Arga Mannen&#8221; p\u00e5 riktigt&#8230; Thomas \u00e4r bl.a sk\u00e5despelare och en genuin, varm och trevlig m\u00e4nniska, med ett stort hj\u00e4rta och stor personlighet&#8230;.<\/p>\n\n\n\n<p>Men under utbildningen s\u00e5 kommer du inte uppleva detta som jag n\u00e4mnde ovan utan du kommer m\u00f6ta en snabbt\u00e4nkt, blixtrande kanonjournalist som fullkomligt proppar dig full med de mest okontrollerade fr\u00e5gest\u00e4llningar&#8230; <\/p>\n\n\n\n<p>Thomas agerar som din sparringparner och en riktig elaking till journalist&#8230; (men det \u00e4r ju bara p\u00e5 skoj).<\/p>\n\n\n\n<p>Jag kan varmt rekommendera Thomas Gjutaren\u00e4fve och hans utbildningar, d\u00e4r han p\u00e5 ett s\u00e5 smidigt s\u00e4tt och p\u00e5 distans med hj\u00e4lp av digitalt verktyg som heter &#8221;Zoom&#8221;, d\u00e4r du bekv\u00e4mt sitter hemma i vardagsrummet och har &#8221;Den Arga Mannen&#8221; p\u00e5 ett betryggande och beh\u00f6rigt avst\u00e5nd fr\u00e5n dig..,<\/p>\n\n\n\n<p>Stort tack fr\u00e5n Benny i Sk\u00e5ne till Thomas i Stockholm, f\u00f6r utbildningen.<\/p>\n\n\n\n<figure class=\"wp-block-image size-large\"><img decoding=\"async\" src=\"http:\/\/www.gjutarenafve.com\/wp-content\/uploads\/2021\/03\/20181229_165856-2-699x1024.jpg\" alt=\"\" class=\"wp-image-2611\"\/><\/figure>\n\n\n\n<p>8.  Ghazal Saberian &nbsp;<\/p>\n\n\n\n<p>D\u00e5 har \u00e4ven jag grillats (igen) i 60 minuter av Thomas Gjutaren\u00e4ve <a href=\"https:\/\/www.facebook.com\/thomasgjutarenafve?__cft__%5b0%5d=AZUbRLHRj74fb08VS4hejMotYECEHfBqCiNZSaclME25hLAR-GmBaj5dTt-EajM2X9L75reeE4vsjLRuoEWEnlBD9IrqUGkoSRMVn3EDiWsz10prrWDhmH5M9Udjb3Vnho0&amp;__tn__=-%5dK-R\"><\/a>i mediatr\u00e4ning. Jag har deltagit i hans retorik- och mediatr\u00e4ningsutbildningar tidigare fick nu m\u00f6jlighet att s\u00e4tta mina kunskaper \u201di praktik\u201d.<\/p>\n\n\n\n<p>Att f\u00e5 en hel timme odelad egentid var oerh\u00f6rt v\u00e4rdefullt och du f\u00e5r tid och utrymme och Thomas odelade uppm\u00e4rksamhet f\u00f6r att arbeta med just dig.<\/p>\n\n\n\n<p>Att bli &#8221;Baasad&#8221; (under kontrollerade former), skulle jag vilja beskriva utbildningen som och jag fick finslipa de tekniker vi g\u00e5tt igenom sedan tidigare. Jag fick \u00e4ven mycket ber\u00f6m f\u00f6r de framsteg jag gjort och f\u00f6r de tekniker jag nu fick visa att jag kan s\u00e4tta i praktik.<\/p>\n\n\n\n<p>Uppl\u00e4gget \u00f6ver Zoom fungerade utm\u00e4rkt och \u00e4r mycket smidigt d\u00e5 man kan delta fr\u00e5n sitt eget vardagsrum.<\/p>\n\n\n\n<p>Har ni \u00e4nnu inte h\u00e5llit utbildningar med Thomas f\u00f6r era f\u00f6rtroendevalda \u00e4r det h\u00f6g tid att boka upp er! Vi politiker granskas, pressas och grillas h\u00e5rdare \u00e4n andra av journalister. Vi har inte r\u00e5d att bjuda journalister p\u00e5 fler r\u00e4kmackor att sparka in i \u00f6ppet m\u00e5l eller l\u00e5ta oss luras in i de klassiska f\u00e4llorna f\u00f6r att vi \u00e4r d\u00e5ligt f\u00f6rberedda.<\/p>\n\n\n\n<p>Kom ih\u00e5g! Intervjun \u00e4r aldrig \u00f6ver och kameran \u00e4r aldrig avst\u00e4ngd\u2026<\/p>\n\n\n\n<figure class=\"wp-block-image size-large\"><img decoding=\"async\" src=\"http:\/\/www.gjutarenafve.com\/wp-content\/uploads\/2021\/03\/20171106_164159-768x1024.jpg\" alt=\"\" class=\"wp-image-2612\"\/><\/figure>\n\n\n\n<p>9.  Andreas Olofsson <\/p>\n\n\n\n<p>Stort tack&nbsp;Thomas <a href=\"https:\/\/www.facebook.com\/thomasgjutarenafve?__cft__%5b0%5d=AZX4ox0N8LH6el4bRsBMuIi4A5jVhf6S9Djh5hhoNU6avubzFd-pG_81sn_X1bCpK1LyNWbJ6ImY8ZhieOpwqljnTI5U_4O_a8LzeZMAM8BoJ--XXBi1SWVoWuwqleQLJmQ&amp;__tn__=R%5d-R\"><\/a>f\u00f6r en fantastiskt bra mediautbildning.<\/p>\n\n\n\n<p>Det blev verkligen ett \u201dwake up Call\u201d f\u00f6r en annan. Thomas s\u00e4tt att pressa och att m\u00e5la in en i ett h\u00f6rn \u00e4r v\u00e4ldigt intressant att f\u00e5 vara med om. B\u00e4st av allt n\u00e4r Thomas sen bryter ner det och f\u00f6rklarar allt f\u00f6r en. Extremt givande och l\u00e4rorikt att f\u00e5 l\u00e4ra sig. Och jag kan verkligen lova att jag l\u00e4rde mig n\u00e5got och kommer sent f\u00f6rgl\u00f6mma det.<\/p>\n\n\n\n<p>Stort tack \u00e4nnu en g\u00e5ng Thomas f\u00f6r jag fick \u00e4ran att ta del av denna utbildning.<\/p>\n\n\n\n<figure class=\"wp-block-image size-large\"><img decoding=\"async\" src=\"http:\/\/www.gjutarenafve.com\/wp-content\/uploads\/2021\/03\/20170822_160243-560x1024.jpg\" alt=\"\" class=\"wp-image-2613\"\/><\/figure>\n\n\n\n<p>10.  Lilith Lindgren<\/p>\n\n\n\n<p>Nu har jag pr\u00f6vat p\u00e5 en av Thomas Gjutaren\u00e4vfes digitala lektioner med hj\u00e4lp av Zoom.<\/p>\n\n\n\n<p>Vad den gav mig? En hel del!<\/p>\n\n\n\n<p>En insikt hur oerh\u00f6rt viktigt det \u00e4r att vara v\u00e4l f\u00f6rberedd inf\u00f6r framtr\u00e4dande i talarstolen samt i intervjusituationer.<\/p>\n\n\n\n<p>Thomas st\u00e4llde effektivt diagnos och gav konkreta r\u00e5d utifr\u00e5n vad just jag beh\u00f6ver bli b\u00e4ttre p\u00e5.<\/p>\n\n\n\n<p>En kort och intensiv lektion var det och v\u00e4l v\u00e4rd sitt pris. Dessutom utf\u00f6rd av en mycket god pedagog utrustad med en stort kunnande och bra omd\u00f6me samt inte minst med n\u00e5got som \u00f6verraskade mig: en genuin och varm personlighet som dock stoppades undan n\u00e4r han agerade sparringpartner som sv\u00e5r journalist. N\u00e5, jag \u00f6verlevde \u00e4ven detta och tackade min lyckliga stj\u00e4rna f\u00f6r att det bara var p\u00e5 l\u00e5tsas \u00e4ven om det kanske inte k\u00e4ndes s\u00e5 n\u00e4r de insinuanta fr\u00e5gorna haglade \u00f6ver mig!<\/p>\n\n\n\n<p>En tanke slog mig efter\u00e5t. Kanske finns det m\u00e5nne en intention, hos Thomas Gjutaren\u00e4fve, att f\u00f6rb\u00e4ttra det allm\u00e4nna debattklimatet i landet?<\/p>\n\n\n\n<p>F\u00f6r det var detta min insikt landade i. Att vara v\u00e4l f\u00f6rberedd g\u00f6r att det blir s\u00e5 mycket l\u00e4ttare att verkligen h\u00e5lla fast vid den moralisk verksh\u00f6jd som \u00e4r efterstr\u00e4vansv\u00e4rt i de situationer som lektionen gav m\u00f6jlighet att \u00f6va p\u00e5, dvs vikten att vara \u00e4rlig och rak samt att inte fr\u00e5ng\u00e5 sin integritet. Fulknepen i debatterna kan vi l\u00e4mna \u00f6ver till v\u00e5ra motst\u00e5ndare att h\u00e5lla p\u00e5 med. Fast vi ska vara s\u00e5 pass medvetna och v\u00e4l f\u00f6rberedda s\u00e5 att vi inte dras med. Vi ska st\u00e5 fast. Stolta och raka.<\/p>\n\n\n\n<p>Jag kan varmt rekommendera Thomas Gjutaren\u00e4fves lektioner. Prima l\u00e4rotillf\u00e4llen f\u00f6r enskilda men \u00e4ven f\u00f6r folk i grupp. Och s\u00e5 smidigt att kunna genomf\u00f6ra detta p\u00e5 distans med hj\u00e4lp av det digitala verktyget Zoom.<\/p>\n\n\n\n<p>Fem stj\u00e4rnor av fem m\u00f6jliga!<\/p>\n\n\n\n<figure class=\"wp-block-image size-large\"><img decoding=\"async\" src=\"http:\/\/www.gjutarenafve.com\/wp-content\/uploads\/2021\/03\/20190522_201427-1-774x1024.jpg\" alt=\"\" class=\"wp-image-2614\"\/><\/figure>\n\n\n\n<p>11.  Pernilla Wikelund<\/p>\n\n\n\n<p>F\u00f6r intresserade i behov av mediatr\u00e4ning.<\/p>\n\n\n\n<p>Positivt med Corona \u00e4r den digitala utveckling vi tar till oss och l\u00e4r oss bli bekv\u00e4ma med.<\/p>\n\n\n\n<p>Inget \u00e4r ju s\u00e5 bra att det inte kan g\u00f6ras b\u00e4ttre?<\/p>\n\n\n\n<p>Idag l\u00e4t jag mig pr\u00f6vas, h\u00e5rt men hj\u00e4rtligt och hj\u00e4lpsamt i medietr\u00e4ning av den omtalade och efters\u00f6kta Thomas. <a href=\"https:\/\/www.facebook.com\/thomasgjutarenafve?__cft__%5b0%5d=AZUKRAaiqwg2zlHEiet9odYnyXJcB0KQ4q_F83E_aHwXUvQWyFOMVWrdFhlJmlvI8G7nb4ZCL1e7OaahHcryL3e-WX-qwWaTgZ69fMbDTk6JR3FzqwXxTb8iSodc3Oxg_2c&amp;__tn__=-%5dK-R\"><\/a><\/p>\n\n\n\n<p>Ett mycket v\u00e4l fungerade digitalt utbildningstillf\u00e4lle p\u00e5 Zoom har gett mig ny erfarenhet och kunskap.<\/p>\n\n\n\n<p>Bitvis k\u00e4nde jag mig s\u00e4ker men f\u00f6ll pl\u00f6tsligt och brutalt i f\u00e4llan som man inte vill g\u00f6ra i direkts\u00e4ndning. Jag fick m\u00f6ta min \u00f6verman men senare ocks\u00e5 den medspelare som hj\u00e4lpte mig inse mina personliga utvecklingsomr\u00e5den. Nerv\u00f6st och frustrerande men s\u00e5 trevligt och stimulerande.<\/p>\n\n\n\n<p>Tusen tack Thomas Gjutaren\u00e4ve. Det h\u00e4r g\u00f6r jag g\u00e4rna om!<\/p>\n\n\n\n<figure class=\"wp-block-image size-large\"><img decoding=\"async\" src=\"http:\/\/www.gjutarenafve.com\/wp-content\/uploads\/2021\/03\/20200412_133849B-1-1024x920.jpg\" alt=\"\" class=\"wp-image-2615\"\/><\/figure>\n\n\n\n<p>12.  Lisbeth P Ekstr\u00f6m<\/p>\n\n\n\n<p>Zoom-tr\u00e4ffen var mycket intressant, givande och faktiskt avslappnande! <\/p>\n\n\n\n<p>Den gav tid till eftertanke. M\u00e5nga bra fr\u00e5gor som jag fick t\u00e4nka till p\u00e5. M\u00e5nga vidarefr\u00e5gor som gav eftertanke. \u00c4ven heml\u00e4xan var bra. <\/p>\n\n\n\n<p>Sm\u00e5 detaljer kom upp till ytan som pekar p\u00e5 \u00e4nnu b\u00e4ttre f\u00f6rberedelser fr\u00e5n min sida. Jag kan inte finna n\u00e5got negativt mer \u00e4n att dessa \u00f6vningar borde ske oftare. <\/p>\n\n\n\n<p>Tack f\u00f6r idag! V\u00e4nligen Lisbeth<\/p>\n\n\n\n<figure class=\"wp-block-image size-large\"><img decoding=\"async\" src=\"http:\/\/www.gjutarenafve.com\/wp-content\/uploads\/2021\/03\/73546183_2508760276033611_197994981573525504_o-1024x683.jpg\" alt=\"\" class=\"wp-image-2616\"\/><figcaption>Foto William Prado<\/figcaption><\/figure>\n\n\n\n<p>13.  Maria Nilsson<\/p>\n\n\n\n<p>Recension av mediatr\u00e4ning 210221: <\/p>\n\n\n\n<p>Mycket l\u00e4rorikt och utvecklande! \u00c4r nu f\u00f6rberedd inf\u00f6r kommande kyrkoval och kontakt med media. <\/p>\n\n\n\n<p>Statistik och budget \u00e4r utomordentligt viktiga aspekter n\u00e4r budskap ska presenteras!<\/p>\n\n\n\n<figure class=\"wp-block-image size-large\"><img decoding=\"async\" src=\"http:\/\/www.gjutarenafve.com\/wp-content\/uploads\/2021\/03\/80-1-678x1024.jpg\" alt=\"\" class=\"wp-image-2619\"\/><\/figure>\n\n\n\n<p>14.  Elena&nbsp; Kurenkova<\/p>\n\n\n\n<p>Hej Thomas.<\/p>\n\n\n\n<p>Vill tackar dig en g\u00e5ng till f\u00f6r en roligt och l\u00e4rorik mediatr\u00e4ning. Det k\u00e4ndes j\u00e4ttebra, men det var lite sv\u00e5rt i b\u00f6rjan med att hantera samtal vid intervjun eftersom man \u00e4r inte van och inte helt redo att st\u00e5 framf\u00f6r publik, delta i debatter eller har en intervjusituation med en v\u00e4ldig provocerande journalist.<\/p>\n\n\n\n<p>Under v\u00e5r mediatr\u00e4ning har jag l\u00e4rt mig n\u00e5gra viktiga saker som kommer att hj\u00e4lpa mig mycket!<\/p>\n\n\n\n<p>F\u00f6r det f\u00f6rsta. Det \u00e4r viktig att dricka tillr\u00e4ckligt med v\u00e4tska innan intervjun. Tala tydligt med bra tempo och inte f\u00f6r snabbt. Vid begr\u00e4nsad tid f\u00f6rkorta din text och presentera det som \u00e4r viktigast. N\u00e4r man lyfter olika problem \u00e4r det viktigt att ha siffror, fakta och budget, f\u00f6r de omr\u00e5den som ber\u00f6rs och alltid h\u00e4nvisa till en kollega eller pressansvarig n\u00e4r man inte \u00e4r r\u00e4tt person att uttala sig i olika fr\u00e5gor. N\u00e4r det st\u00e4lls oseri\u00f6sa fr\u00e5gor skall man l\u00e4ra sig att avsluta dialogen p\u00e5 ett v\u00e4nligt men best\u00e4mt s\u00e4tt.<\/p>\n\n\n\n<p>Du fick mig t\u00e4nka om m\u00e5nga viktiga momentet under intervjun och jag har l\u00e4rt mig nya retoriska tekniker. &nbsp;<\/p>\n\n\n\n<p>Det \u00e4r bara synd att en timme g\u00e5r f\u00f6r fort\u2026 Du riktigt professionell.<\/p>\n\n\n\n<p>Ska varmt rekommendera dig till mina v\u00e4nner och kollegor.<\/p>\n\n\n\n<p>\u00d6nskar dig allt den b\u00e4sta.<\/p>\n\n\n\n<p>Mvh Elena Kurenkova.<\/p>\n\n\n\n<figure class=\"wp-block-image size-large\"><img decoding=\"async\" src=\"http:\/\/www.gjutarenafve.com\/wp-content\/uploads\/2021\/03\/20160913_212741-2-1-1024x537.jpg\" alt=\"\" class=\"wp-image-2622\"\/><\/figure>\n\n\n\n<p>16.  Pasi Hyyrinen &#8211; Journalist<\/p>\n\n\n\n<p>ATT ha varmt p\u00e5 f\u00f6tterna \u00e4r viktigt n\u00e4r det bl\u00e5ser sn\u00e5lt. Detta g\u00e4ller \u00e4ven n\u00e4r man ger sig i kast med &nbsp;arga mannens mediatr\u00e4ning. Som frilansande journalist har jag ofta f\u00e5tt st\u00e4lla obekv\u00e4ma fr\u00e5gor till mina intervjuobjekt. Det var b\u00e5de en m\u00e4rklig och l\u00e4tt chockerande upplevelse att f\u00f6r en g\u00e5ngs skull sj\u00e4lv hamna p\u00e5 andra sidan grillgallret. Jag kommer definitivt vara b\u00e4ttre rustat vid n\u00e4sta sn\u00e5lbl\u00e5st tack vare alla tips och r\u00e5d jag fick under dom 60 minuterna. Detsamma g\u00e4ller n\u00e4r jag sj\u00e4lv g\u00f6r intervjuer fram\u00f6ver. <\/p>\n\n\n\n<figure class=\"wp-block-image size-large\"><img decoding=\"async\" src=\"http:\/\/www.gjutarenafve.com\/wp-content\/uploads\/2021\/04\/Ann-Louise-Wiking-Bild.jpg\" alt=\"\" class=\"wp-image-2659\"\/><\/figure>\n\n\n\n<p>17. Natalia E Henriksson&nbsp;<\/p>\n\n\n\n<p>Har idag genomf\u00f6rt media tr\u00e4ning med Thomas och kan \u00e5ter varmt rekommendera hans utbildningar d\u00e5 de inte \u00e4r s\u00e5som han sj\u00e4lv uttrycket det, en media tr\u00e4ning, utan en tr\u00e4ning f\u00f6r livets alla diskussioner.<\/p>\n\n\n\n<p>Vad har jag d\u00e5 l\u00e4rt mig denna g\u00e5ng, att jag hyser s\u00e5 stor respekt f\u00f6r Thomas och att viljan att tillm\u00f6tesg\u00e5 hans fr\u00e5gor g\u00f6r mig svag och inte anv\u00e4nder mig av hans kunskaper som jag faktiskt vanligtvis g\u00f6r och gjort sedan 8 \u00e5r tillbaka d\u00e5 han p\u00e5visade mina styrkor och svagheter och hur mina svagheter skulle bli styrkor.<\/p>\n\n\n\n<p>Hans rekommendationer denna g\u00e5ng om f\u00f6rb\u00e4ttringar \u00e4r alltid s\u00e5 att s\u00e4ga ,spott on, n\u00e4r du analyserat dig, inte alltid r\u00e4tt f\u00f6r en politiker och erk\u00e4nna fel.<\/p>\n\n\n\n<figure class=\"wp-block-image size-large\"><img decoding=\"async\" src=\"http:\/\/www.gjutarenafve.com\/wp-content\/uploads\/2021\/04\/198-ogon-enbart-1024x275.jpg\" alt=\"\" class=\"wp-image-2668\"\/><\/figure>\n\n\n\n<p>18 Cecilia Lindstr\u00f6m &#8211; Akademiker<\/p>\n\n\n\n<p>Tack Thomas! Jag \u00e4r v\u00e4ldigt n\u00f6jd. Det var b\u00e5de givande och nyttigt. Jag fick med mig en hel del anv\u00e4ndbart och jag hade j\u00e4ttekul samtidigt. Tack \u00e4n en g\u00e5ng f\u00f6r denna m\u00f6jlighet! Kan varmt rekommenderas.<\/p>\n\n\n\n<figure class=\"wp-block-image size-large\"><img decoding=\"async\" src=\"http:\/\/www.gjutarenafve.com\/wp-content\/uploads\/2021\/04\/19417529_1288478711249462_8000719237083823988_o-1024x1024.jpg\" alt=\"\" class=\"wp-image-2661\"\/><\/figure>\n\n\n\n<p>Normalt arvode f\u00f6r en Zoom-timme ligger p\u00e5 2.000 sek \/ h + moms. I det priset ing\u00e5r en 5 sidig info med arbetsmateriel. Vid mer omfattande f\u00f6rel\u00e4sningar p\u00e5 plats (alternativt Zoom eller Teams), s\u00e5 skr\u00e4ddarsyr jag b\u00e5de pris och inneh\u00e5ll. <\/p>\n\n\n\n<p>M\u00e5 gott d\u00e4rute!<\/p>\n\n\n\n<p>Thomas Gjutaren\u00e4fve<\/p>\n\n\n\n<p><a href=\"mailto:argamannen@argamannen.se\">argamannen@argamannen.se<\/a><\/p>\n\n\n\n<p>Telefon: 0725-595900<\/p>\n\n\n\n<p>Copyright \u00a9 2021<\/p>\n","protected":false},"excerpt":{"rendered":"<p>Under ett antal \u00e5r har jag agerat som Konferencier, Speaker samt Intervju- och Mediatr\u00e4nare inf\u00f6r publik. Numera k\u00f6r jag \u00e4ven utbildningar med mediatr\u00e4ningar via Zoom. Fram till april 2021 har jag haft n\u00f6jet att mediatr\u00e4na mer \u00e4n 500 offentliga personer. Journalister, Sk\u00e5despelare, F\u00f6rfattare och alla former av personligheter som offentligt tagit kliv in i rampljuset. [&hellip;]<\/p>\n","protected":false},"author":1,"featured_media":0,"parent":0,"menu_order":0,"comment_status":"closed","ping_status":"closed","template":"","meta":{"footnotes":""},"class_list":["post-173","page","type-page","status-publish","hentry"],"_links":{"self":[{"href":"https:\/\/www.argamannen.se\/index.php?rest_route=\/wp\/v2\/pages\/173","targetHints":{"allow":["GET"]}}],"collection":[{"href":"https:\/\/www.argamannen.se\/index.php?rest_route=\/wp\/v2\/pages"}],"about":[{"href":"https:\/\/www.argamannen.se\/index.php?rest_route=\/wp\/v2\/types\/page"}],"author":[{"embeddable":true,"href":"https:\/\/www.argamannen.se\/index.php?rest_route=\/wp\/v2\/users\/1"}],"replies":[{"embeddable":true,"href":"https:\/\/www.argamannen.se\/index.php?rest_route=%2Fwp%2Fv2%2Fcomments&post=173"}],"version-history":[{"count":54,"href":"https:\/\/www.argamannen.se\/index.php?rest_route=\/wp\/v2\/pages\/173\/revisions"}],"predecessor-version":[{"id":826,"href":"https:\/\/www.argamannen.se\/index.php?rest_route=\/wp\/v2\/pages\/173\/revisions\/826"}],"wp:attachment":[{"href":"https:\/\/www.argamannen.se\/index.php?rest_route=%2Fwp%2Fv2%2Fmedia&parent=173"}],"curies":[{"name":"wp","href":"https:\/\/api.w.org\/{rel}","templated":true}]}}